{"id":41,"date":"2024-04-08T16:30:30","date_gmt":"2024-04-08T16:30:30","guid":{"rendered":"https:\/\/turismocartaya.com\/?page_id=41"},"modified":"2025-07-30T02:18:04","modified_gmt":"2025-07-30T00:18:04","slug":"que-ver","status":"publish","type":"page","link":"https:\/\/turismocartaya.com\/fr\/que-ver\/","title":{"rendered":"Que voir?"},"content":{"rendered":"<div data-elementor-type=\"wp-page\" data-elementor-id=\"41\" class=\"elementor elementor-41\" data-elementor-post-type=\"page\">\n\t\t\t\t<div class=\"elementor-element elementor-element-ea07592 e-con-full e-flex elementor-invisible e-con e-parent\" data-id=\"ea07592\" data-element_type=\"container\" data-e-type=\"container\" data-settings=\"{&quot;background_background&quot;:&quot;classic&quot;,&quot;shape_divider_bottom&quot;:&quot;waves&quot;,&quot;animation&quot;:&quot;fadeIn&quot;,&quot;animation_mobile&quot;:&quot;fadeInUp&quot;}\">\n\t\t\t\t<div class=\"elementor-shape elementor-shape-bottom\" aria-hidden=\"true\" data-negative=\"false\">\n\t\t\t<svg xmlns=\"http:\/\/www.w3.org\/2000\/svg\" viewbox=\"0 0 1000 100\" preserveaspectratio=\"none\">\n\t<path class=\"elementor-shape-fill\" d=\"M421.9,6.5c22.6-2.5,51.5,0.4,75.5,5.3c23.6,4.9,70.9,23.5,100.5,35.7c75.8,32.2,133.7,44.5,192.6,49.7\tc23.6,2.1,48.7,3.5,103.4-2.5c54.7-6,106.2-25.6,106.2-25.6V0H0v30.3c0,0,72,32.6,158.4,30.5c39.2-0.7,92.8-6.7,134-22.4\tc21.2-8.1,52.2-18.2,79.7-24.2C399.3,7.9,411.6,7.5,421.9,6.5z\"\/>\n<\/svg>\t\t<\/div>\n\t\t\t\t<\/div>\n\t\t<div class=\"elementor-element elementor-element-6e87bcf e-flex e-con-boxed elementor-invisible e-con e-parent\" data-id=\"6e87bcf\" data-element_type=\"container\" data-e-type=\"container\" data-settings=\"{&quot;animation&quot;:&quot;fadeIn&quot;,&quot;animation_mobile&quot;:&quot;fadeInUp&quot;}\">\n\t\t\t\t\t<div class=\"e-con-inner\">\n\t\t\t\t<div class=\"elementor-element elementor-element-7f382d9 elementor-widget elementor-widget-heading\" data-id=\"7f382d9\" data-element_type=\"widget\" data-e-type=\"widget\" data-widget_type=\"heading.default\">\n\t\t\t\t\t<h1 class=\"elementor-heading-title elementor-size-default\">HISTOIRE<\/h1>\t\t\t\t<\/div>\n\t\t\t\t<div class=\"elementor-element elementor-element-4e501cb elementor-widget elementor-widget-heading\" data-id=\"4e501cb\" data-element_type=\"widget\" data-e-type=\"widget\" data-widget_type=\"heading.default\">\n\t\t\t\t\t<p class=\"elementor-heading-title elementor-size-default\">Cartaya<\/p>\t\t\t\t<\/div>\n\t\t\t\t<div class=\"elementor-element elementor-element-48b6924 elementor-widget elementor-widget-text-editor\" data-id=\"48b6924\" data-element_type=\"widget\" data-e-type=\"widget\" data-widget_type=\"text-editor.default\">\n\t\t\t\t\t\t\t\t\t<p><strong><span class=\"wixui-rich-text__text\">Nature et plage vont de pair sur ce territoire\u00a0<\/span><\/strong>objet de conflits seigneuriaux au cours des si\u00e8cles pass\u00e9s, qui a su pr\u00e9server ses traditions et l&#039;h\u00e9ritage maritime de ses anc\u00eatres, mais sans renoncer au d\u00e9veloppement touristique de ses importantes ressources.\u00a0<strong><span class=\"wixui-rich-text__text\">Des espaces prot\u00e9g\u00e9s, des phares du XIXe si\u00e8cle, des terrains de golf et des plages ainsi que des lotissements r\u00e9sidentiels composent ce coin personnel du littoral de Huelva.<\/span><\/strong><br class=\"wixui-rich-text__text\" \/><br class=\"wixui-rich-text__text\" \/>La municipalit\u00e9 de\u00a0<strong><span class=\"wixui-rich-text__text\">Cartaya pr\u00e9serve les caract\u00e9ristiques d&#039;une ville andalouse typique et les combine parfaitement avec un d\u00e9veloppement touristique soign\u00e9.<\/span>,<\/strong> bas\u00e9e sur le respect de l&#039;environnement, une\u00a0<strong><span class=\"wixui-rich-text__text\">une large offre de loisirs et d&#039;h\u00f4tellerie<\/span><\/strong>\u00a0con\u00e7u pour offrir le meilleur cadre et les meilleures conditions\u00a0<strong><span class=\"wixui-rich-text__text\">pour que le visiteur \u00e9prouve de nouvelles \u00e9motions.<\/span><\/strong><br class=\"wixui-rich-text__text\" \/><br class=\"wixui-rich-text__text\" \/>La\u00a0<strong><span class=\"wixui-rich-text__text\">agriculture<\/span><\/strong>\u00a0traditionnellement, c&#039;est le s<span class=\"wixui-rich-text__text\"><strong>acteur le plus important pour le d\u00e9veloppement \u00e9conomique de la commune<\/strong>,<\/span>\u00a0bas\u00e9 sur la culture d&#039;agrumes et de baies. De plus, Cartaya dispose d&#039;un<span class=\"wixui-rich-text__text\">\u00a0<strong>riche patrimoine populaire et religieux.<\/strong><\/span><\/p>\t\t\t\t\t\t\t\t<\/div>\n\t\t\t\t<div class=\"elementor-element elementor-element-d449056 elementor-widget elementor-widget-image\" data-id=\"d449056\" data-element_type=\"widget\" data-e-type=\"widget\" data-widget_type=\"image.default\">\n\t\t\t\t\t\t\t\t\t\t\t\t\t\t\t<img fetchpriority=\"high\" decoding=\"async\" width=\"700\" height=\"700\" src=\"https:\/\/turismocartaya.com\/wp-content\/uploads\/2024\/05\/Castillo-Cartaya.webp\" class=\"attachment-full size-full wp-image-599\" alt=\"Castillo Cartaya\" srcset=\"https:\/\/turismocartaya.com\/wp-content\/uploads\/2024\/05\/Castillo-Cartaya.webp 700w, https:\/\/turismocartaya.com\/wp-content\/uploads\/2024\/05\/Castillo-Cartaya-300x300.webp 300w, https:\/\/turismocartaya.com\/wp-content\/uploads\/2024\/05\/Castillo-Cartaya-150x150.webp 150w, https:\/\/turismocartaya.com\/wp-content\/uploads\/2024\/05\/Castillo-Cartaya-500x500.webp 500w\" sizes=\"(max-width: 700px) 100vw, 700px\" \/>\t\t\t\t\t\t\t\t\t\t\t\t\t\t\t<\/div>\n\t\t\t\t\t<\/div>\n\t\t\t\t<\/div>\n\t\t<div class=\"elementor-element elementor-element-30f185e e-flex e-con-boxed elementor-invisible e-con e-parent\" data-id=\"30f185e\" data-element_type=\"container\" data-e-type=\"container\" data-settings=\"{&quot;animation&quot;:&quot;fadeIn&quot;,&quot;animation_mobile&quot;:&quot;fadeInUp&quot;}\">\n\t\t\t\t\t<div class=\"e-con-inner\">\n\t\t\t\t<div class=\"elementor-element elementor-element-abf6840 elementor-widget elementor-widget-heading\" data-id=\"abf6840\" data-element_type=\"widget\" data-e-type=\"widget\" data-widget_type=\"heading.default\">\n\t\t\t\t\t<h2 class=\"elementor-heading-title elementor-size-default\">PATRIMOINE<\/h2>\t\t\t\t<\/div>\n\t\t\t\t<div class=\"elementor-element elementor-element-7f29efc elementor-widget elementor-widget-heading\" data-id=\"7f29efc\" data-element_type=\"widget\" data-e-type=\"widget\" data-widget_type=\"heading.default\">\n\t\t\t\t\t<h2 class=\"elementor-heading-title elementor-size-default\">Culturel<\/h2>\t\t\t\t<\/div>\n\t\t\t\t<div class=\"elementor-element elementor-element-25de11e elementor-widget elementor-widget-text-editor\" data-id=\"25de11e\" data-element_type=\"widget\" data-e-type=\"widget\" data-widget_type=\"text-editor.default\">\n\t\t\t\t\t\t\t\t\t<p class=\"font_8 wixui-rich-text__text\"><span class=\"wixui-rich-text__text\"><span class=\"color_15 wixui-rich-text__text\">L&#039;origine ph\u00e9nicienne de son nom Carteia indique l&#039;anciennet\u00e9 de son origine. L&#039;ins\u00e9curit\u00e9 de la r\u00e9gion, constamment ravag\u00e9e par les incursions des pirates berb\u00e8res et normands, ne permet de consolider une population stable qu&#039;au d\u00e9but du XVe si\u00e8cle.<\/span><\/span><\/p><p class=\"font_8 wixui-rich-text__text\"><strong><span class=\"wixui-rich-text__text\"><span class=\"color_15 wixui-rich-text__text\">Ce sont les vestiges d&#039;un pass\u00e9 qui a laiss\u00e9 la place \u00e0 un avenir bas\u00e9 sur la tradition maritime et surtout agricole de la commune.<\/span><\/span><\/strong><\/p>\t\t\t\t\t\t\t\t<\/div>\n\t\t\t\t\t<\/div>\n\t\t\t\t<\/div>\n\t\t<div class=\"elementor-element elementor-element-332480e e-grid e-con-full e-con e-parent\" data-id=\"332480e\" data-element_type=\"container\" data-e-type=\"container\" data-settings=\"{&quot;background_background&quot;:&quot;classic&quot;}\">\n\t\t<div class=\"elementor-element elementor-element-ed401a9 e-con-full e-flex elementor-invisible e-con e-child\" data-id=\"ed401a9\" data-element_type=\"container\" data-e-type=\"container\" data-settings=\"{&quot;animation&quot;:&quot;fadeInUp&quot;}\">\n\t\t\t\t<div class=\"elementor-element elementor-element-fb9c124 elementor-widget__width-initial elementor-widget-mobile__width-initial elementor-widget elementor-widget-image\" data-id=\"fb9c124\" data-element_type=\"widget\" data-e-type=\"widget\" data-widget_type=\"image.default\">\n\t\t\t\t\t\t\t\t\t\t\t\t\t\t\t<img decoding=\"async\" width=\"346\" height=\"346\" src=\"https:\/\/turismocartaya.com\/wp-content\/uploads\/2024\/05\/CasaConsistorial.webp\" class=\"elementor-animation-grow attachment-large size-large wp-image-615\" alt=\"Casaconsistorial\" srcset=\"https:\/\/turismocartaya.com\/wp-content\/uploads\/2024\/05\/CasaConsistorial.webp 346w, https:\/\/turismocartaya.com\/wp-content\/uploads\/2024\/05\/CasaConsistorial-300x300.webp 300w, https:\/\/turismocartaya.com\/wp-content\/uploads\/2024\/05\/CasaConsistorial-150x150.webp 150w\" sizes=\"(max-width: 346px) 100vw, 346px\" \/>\t\t\t\t\t\t\t\t\t\t\t\t\t\t\t<\/div>\n\t\t<div class=\"elementor-element elementor-element-1237060 e-con-full e-flex e-con e-child\" data-id=\"1237060\" data-element_type=\"container\" data-e-type=\"container\" data-settings=\"{&quot;background_background&quot;:&quot;classic&quot;}\">\n\t\t\t\t<div class=\"elementor-element elementor-element-f93c862 elementor-widget__width-inherit elementor-widget elementor-widget-heading\" data-id=\"f93c862\" data-element_type=\"widget\" data-e-type=\"widget\" data-widget_type=\"heading.default\">\n\t\t\t\t\t<h2 class=\"elementor-heading-title elementor-size-default\">Mairie<\/h2>\t\t\t\t<\/div>\n\t\t\t\t<\/div>\n\t\t<div class=\"elementor-element elementor-element-e20fb36 e-con-full e-flex e-con e-child\" data-id=\"e20fb36\" data-element_type=\"container\" data-e-type=\"container\" data-settings=\"{&quot;background_background&quot;:&quot;classic&quot;}\">\n\t\t\t\t<div class=\"elementor-element elementor-element-c8dda52 elementor-widget elementor-widget-n-accordion\" data-id=\"c8dda52\" data-element_type=\"widget\" data-e-type=\"widget\" data-settings=\"{&quot;default_state&quot;:&quot;all_collapsed&quot;,&quot;max_items_expended&quot;:&quot;one&quot;,&quot;n_accordion_animation_duration&quot;:{&quot;unit&quot;:&quot;ms&quot;,&quot;size&quot;:400,&quot;sizes&quot;:[]}}\" data-widget_type=\"nested-accordion.default\">\n\t\t\t\t\t\t\t<div class=\"e-n-accordion\" aria-label=\"Accord\u00e9on. Ouvrez les liens avec Entr\u00e9e ou Espace, fermez avec \u00c9chap et naviguez avec les touches fl\u00e9ch\u00e9es\">\n\t\t\t\t\t\t<details id=\"e-n-accordion-item-2100\" class=\"e-n-accordion-item\" >\n\t\t\t\t<summary class=\"e-n-accordion-item-title\" data-accordion-index=\"1\" tabindex=\"0\" aria-expanded=\"false\" aria-controls=\"e-n-accordion-item-2100\" >\n\t\t\t\t\t<span class='e-n-accordion-item-title-header'><div class=\"e-n-accordion-item-title-text\"> + informations <\/div><\/span>\n\t\t\t\t\t\t\t\t\t<\/summary>\n\t\t\t\t<div role=\"region\" aria-labelledby=\"e-n-accordion-item-2100\" class=\"elementor-element elementor-element-579e118 e-con-full e-flex e-con e-child\" data-id=\"579e118\" data-element_type=\"container\" data-e-type=\"container\">\n\t\t\t\t<div class=\"elementor-element elementor-element-fae4112 elementor-widget elementor-widget-text-editor\" data-id=\"fae4112\" data-element_type=\"widget\" data-e-type=\"widget\" data-widget_type=\"text-editor.default\">\n\t\t\t\t\t\t\t\t\t<p>Il est situ\u00e9 sur la Plaza Redonda, qui constitue le centre civique et repr\u00e9sentatif de la population. Le b\u00e2timent primitif, connu sous le nom de \u00ab Maisons Capitulaires \u00bb, a \u00e9t\u00e9 construit en 1555 sur le P\u00f3sito de los Pobres. Au fil des ann\u00e9es, il a subi plusieurs r\u00e9novations et agrandissements jusqu&#039;\u00e0 aujourd&#039;hui. Entre elles<br class=\"wixui-rich-text__text\" \/>On remarque l&#039;introduction du corps de l&#039;horloge, qui brise l&#039;horizontalit\u00e9 de la corniche et \u00e9l\u00e8ve la hauteur de l&#039;ensemble.<\/p>\t\t\t\t\t\t\t\t<\/div>\n\t\t\t\t<\/div>\n\t\t\t\t\t<\/details>\n\t\t\t\t\t<\/div>\n\t\t\t\t\t\t<\/div>\n\t\t\t\t<div class=\"elementor-element elementor-element-75d3418 elementor-align-justify elementor-widget elementor-widget-button\" data-id=\"75d3418\" data-element_type=\"widget\" data-e-type=\"widget\" data-widget_type=\"button.default\">\n\t\t\t\t\t\t\t\t\t\t<a class=\"elementor-button elementor-button-link elementor-size-sm\" href=\"https:\/\/www.google.com\/maps\/dir\/\/ayuntamiento+cartaya\/data=!4m6!4m5!1m1!4e2!1m2!1m1!1s0xd10337fe511f4bd:0xbe819676f5729e9a?sa=X&#038;ved=2ahUKEwiF5-OZhIT2AhUGQBoKHWaYANAQ9Rd6BAgiEAM\">\n\t\t\t\t\t\t<span class=\"elementor-button-content-wrapper\">\n\t\t\t\t\t\t\t\t\t<span class=\"elementor-button-text\">Comment arriver?<\/span>\n\t\t\t\t\t<\/span>\n\t\t\t\t\t<\/a>\n\t\t\t\t\t\t\t\t<\/div>\n\t\t\t\t<\/div>\n\t\t\t\t<\/div>\n\t\t<div class=\"elementor-element elementor-element-704dd0a e-con-full e-flex elementor-invisible e-con e-child\" data-id=\"704dd0a\" data-element_type=\"container\" data-e-type=\"container\" data-settings=\"{&quot;animation&quot;:&quot;fadeInUp&quot;}\">\n\t\t\t\t<div class=\"elementor-element elementor-element-1506f7e elementor-widget__width-initial elementor-widget-mobile__width-initial elementor-widget elementor-widget-image\" data-id=\"1506f7e\" data-element_type=\"widget\" data-e-type=\"widget\" data-widget_type=\"image.default\">\n\t\t\t\t\t\t\t\t\t\t\t\t\t\t\t<img decoding=\"async\" width=\"346\" height=\"346\" src=\"https:\/\/turismocartaya.com\/wp-content\/uploads\/2024\/05\/CastillosLosZuniga.webp\" class=\"elementor-animation-grow attachment-large size-large wp-image-614\" alt=\"Castillosloszu\u00f1iga\" srcset=\"https:\/\/turismocartaya.com\/wp-content\/uploads\/2024\/05\/CastillosLosZuniga.webp 346w, https:\/\/turismocartaya.com\/wp-content\/uploads\/2024\/05\/CastillosLosZuniga-300x300.webp 300w, https:\/\/turismocartaya.com\/wp-content\/uploads\/2024\/05\/CastillosLosZuniga-150x150.webp 150w\" sizes=\"(max-width: 346px) 100vw, 346px\" \/>\t\t\t\t\t\t\t\t\t\t\t\t\t\t\t<\/div>\n\t\t<div class=\"elementor-element elementor-element-b9e92bb e-con-full e-flex e-con e-child\" data-id=\"b9e92bb\" data-element_type=\"container\" data-e-type=\"container\" data-settings=\"{&quot;background_background&quot;:&quot;classic&quot;}\">\n\t\t\t\t<div class=\"elementor-element elementor-element-221d751 elementor-widget__width-inherit elementor-widget elementor-widget-heading\" data-id=\"221d751\" data-element_type=\"widget\" data-e-type=\"widget\" data-widget_type=\"heading.default\">\n\t\t\t\t\t<h2 class=\"elementor-heading-title elementor-size-default\">Ch\u00e2teau de Los Zu\u00f1iga<\/h2>\t\t\t\t<\/div>\n\t\t\t\t<\/div>\n\t\t<div class=\"elementor-element elementor-element-06e3e93 e-con-full e-flex e-con e-child\" data-id=\"06e3e93\" data-element_type=\"container\" data-e-type=\"container\" data-settings=\"{&quot;background_background&quot;:&quot;classic&quot;}\">\n\t\t\t\t<div class=\"elementor-element elementor-element-007ee04 elementor-widget elementor-widget-n-accordion\" data-id=\"007ee04\" data-element_type=\"widget\" data-e-type=\"widget\" data-settings=\"{&quot;default_state&quot;:&quot;all_collapsed&quot;,&quot;max_items_expended&quot;:&quot;one&quot;,&quot;n_accordion_animation_duration&quot;:{&quot;unit&quot;:&quot;ms&quot;,&quot;size&quot;:400,&quot;sizes&quot;:[]}}\" data-widget_type=\"nested-accordion.default\">\n\t\t\t\t\t\t\t<div class=\"e-n-accordion\" aria-label=\"Accord\u00e9on. Ouvrez les liens avec Entr\u00e9e ou Espace, fermez avec \u00c9chap et naviguez avec les touches fl\u00e9ch\u00e9es\">\n\t\t\t\t\t\t<details id=\"e-n-accordion-item-5190\" class=\"e-n-accordion-item\" >\n\t\t\t\t<summary class=\"e-n-accordion-item-title\" data-accordion-index=\"1\" tabindex=\"0\" aria-expanded=\"false\" aria-controls=\"e-n-accordion-item-5190\" >\n\t\t\t\t\t<span class='e-n-accordion-item-title-header'><div class=\"e-n-accordion-item-title-text\"> + informations <\/div><\/span>\n\t\t\t\t\t\t\t\t\t<\/summary>\n\t\t\t\t<div role=\"region\" aria-labelledby=\"e-n-accordion-item-5190\" class=\"elementor-element elementor-element-947ccd2 e-con-full e-flex e-con e-child\" data-id=\"947ccd2\" data-element_type=\"container\" data-e-type=\"container\">\n\t\t\t\t<div class=\"elementor-element elementor-element-7bf085d elementor-widget elementor-widget-text-editor\" data-id=\"7bf085d\" data-element_type=\"widget\" data-e-type=\"widget\" data-widget_type=\"text-editor.default\">\n\t\t\t\t\t\t\t\t\t<p>Tour forteresse construite entre 1417 et 1420, situ\u00e9e au coeur de la ville sur une colline au sol d&#039;argile rouge\u00e2tre. La fortification d\u00e9fensive avait pour objectif la garde du passage en ferry de la rivi\u00e8re Piedras et la surveillance des terres qui limitaient les seigneuries de Lepe et Gibrale\u00f3n. Elle servait de refuge id\u00e9al aux citoyens face aux attaques portugaises (XVIIe si\u00e8cle). De forme rectangulaire, avec des murs de huit m\u00e8tres de haut et 130 m\u00e8tres de long. Le clocher, la tour d&#039;hommage et une belle porte mud\u00e9jare sont conserv\u00e9s en bon \u00e9tat. En 1985, il a \u00e9t\u00e9 d\u00e9clar\u00e9 bien d&#039;int\u00e9r\u00eat culturel et, apr\u00e8s le lancement de plusieurs programmes de restauration du bien, des festivals et des spectacles socioculturels s&#039;y d\u00e9roulent actuellement.<\/p>\t\t\t\t\t\t\t\t<\/div>\n\t\t\t\t<\/div>\n\t\t\t\t\t<\/details>\n\t\t\t\t\t<\/div>\n\t\t\t\t\t\t<\/div>\n\t\t\t\t<div class=\"elementor-element elementor-element-bc11c2a elementor-align-justify elementor-widget elementor-widget-button\" data-id=\"bc11c2a\" data-element_type=\"widget\" data-e-type=\"widget\" data-widget_type=\"button.default\">\n\t\t\t\t\t\t\t\t\t\t<a class=\"elementor-button elementor-button-link elementor-size-sm\" href=\"https:\/\/www.google.com\/maps\/dir\/\/castillo+los+zu%C3%B1iga\/data=!4m6!4m5!1m1!4e2!1m2!1m1!1s0xd103247ef0d088f:0x85f0813f31967a8a?sa=X&#038;ved=2ahUKEwi2gPvkh4T2AhWKx4UKHc_VCs8Q9Rd6BAglEAM\">\n\t\t\t\t\t\t<span class=\"elementor-button-content-wrapper\">\n\t\t\t\t\t\t\t\t\t<span class=\"elementor-button-text\">Comment arriver?<\/span>\n\t\t\t\t\t<\/span>\n\t\t\t\t\t<\/a>\n\t\t\t\t\t\t\t\t<\/div>\n\t\t\t\t<\/div>\n\t\t\t\t<\/div>\n\t\t<div class=\"elementor-element elementor-element-e8d7d9c e-con-full e-flex elementor-invisible e-con e-child\" data-id=\"e8d7d9c\" data-element_type=\"container\" data-e-type=\"container\" data-settings=\"{&quot;animation&quot;:&quot;fadeInUp&quot;}\">\n\t\t\t\t<div class=\"elementor-element elementor-element-b486f5e elementor-widget__width-initial elementor-widget-mobile__width-initial elementor-widget elementor-widget-image\" data-id=\"b486f5e\" data-element_type=\"widget\" data-e-type=\"widget\" data-widget_type=\"image.default\">\n\t\t\t\t\t\t\t\t\t\t\t\t\t\t\t<img loading=\"lazy\" decoding=\"async\" width=\"346\" height=\"346\" src=\"https:\/\/turismocartaya.com\/wp-content\/uploads\/2024\/05\/CentroCulturalLaVilla.webp\" class=\"elementor-animation-grow attachment-large size-large wp-image-613\" alt=\"Centroculturallavilla\" srcset=\"https:\/\/turismocartaya.com\/wp-content\/uploads\/2024\/05\/CentroCulturalLaVilla.webp 346w, https:\/\/turismocartaya.com\/wp-content\/uploads\/2024\/05\/CentroCulturalLaVilla-300x300.webp 300w, https:\/\/turismocartaya.com\/wp-content\/uploads\/2024\/05\/CentroCulturalLaVilla-150x150.webp 150w\" sizes=\"(max-width: 346px) 100vw, 346px\" \/>\t\t\t\t\t\t\t\t\t\t\t\t\t\t\t<\/div>\n\t\t<div class=\"elementor-element elementor-element-5bb9440 e-con-full e-flex e-con e-child\" data-id=\"5bb9440\" data-element_type=\"container\" data-e-type=\"container\" data-settings=\"{&quot;background_background&quot;:&quot;classic&quot;}\">\n\t\t\t\t<div class=\"elementor-element elementor-element-971156f elementor-widget__width-inherit elementor-widget elementor-widget-heading\" data-id=\"971156f\" data-element_type=\"widget\" data-e-type=\"widget\" data-widget_type=\"heading.default\">\n\t\t\t\t\t<h2 class=\"elementor-heading-title elementor-size-default\">Centre Culturel Villageois<\/h2>\t\t\t\t<\/div>\n\t\t\t\t<\/div>\n\t\t<div class=\"elementor-element elementor-element-75bbeb7 e-con-full e-flex e-con e-child\" data-id=\"75bbeb7\" data-element_type=\"container\" data-e-type=\"container\" data-settings=\"{&quot;background_background&quot;:&quot;classic&quot;}\">\n\t\t\t\t<div class=\"elementor-element elementor-element-cc604c5 elementor-widget elementor-widget-n-accordion\" data-id=\"cc604c5\" data-element_type=\"widget\" data-e-type=\"widget\" data-settings=\"{&quot;default_state&quot;:&quot;all_collapsed&quot;,&quot;max_items_expended&quot;:&quot;one&quot;,&quot;n_accordion_animation_duration&quot;:{&quot;unit&quot;:&quot;ms&quot;,&quot;size&quot;:400,&quot;sizes&quot;:[]}}\" data-widget_type=\"nested-accordion.default\">\n\t\t\t\t\t\t\t<div class=\"e-n-accordion\" aria-label=\"Accord\u00e9on. Ouvrez les liens avec Entr\u00e9e ou Espace, fermez avec \u00c9chap et naviguez avec les touches fl\u00e9ch\u00e9es\">\n\t\t\t\t\t\t<details id=\"e-n-accordion-item-2140\" class=\"e-n-accordion-item\" >\n\t\t\t\t<summary class=\"e-n-accordion-item-title\" data-accordion-index=\"1\" tabindex=\"0\" aria-expanded=\"false\" aria-controls=\"e-n-accordion-item-2140\" >\n\t\t\t\t\t<span class='e-n-accordion-item-title-header'><div class=\"e-n-accordion-item-title-text\"> + informations <\/div><\/span>\n\t\t\t\t\t\t\t\t\t<\/summary>\n\t\t\t\t<div role=\"region\" aria-labelledby=\"e-n-accordion-item-2140\" class=\"elementor-element elementor-element-1b8a514 e-con-full e-flex e-con e-child\" data-id=\"1b8a514\" data-element_type=\"container\" data-e-type=\"container\">\n\t\t\t\t<div class=\"elementor-element elementor-element-fa28ac5 elementor-widget elementor-widget-text-editor\" data-id=\"fa28ac5\" data-element_type=\"widget\" data-e-type=\"widget\" data-widget_type=\"text-editor.default\">\n\t\t\t\t\t\t\t\t\t<p>Ouvert en 2004, d&#039;une superficie totale de 3400 m2. Le b\u00e2timent a 5 \u00e9tages. Sa biblioth\u00e8que interculturelle se distingue, avec un grand nombre de volumes dans diff\u00e9rentes langues. De m\u00eame, la \u00ab Quichotte \u00bb abrite le roman immortel de Cervantes en 28 langues diff\u00e9rentes. Au sein de ses installations se trouve le Th\u00e9\u00e2tre Municipal, centre n\u00e9vralgique des arts du spectacle qui traversent la ville avec une capacit\u00e9 de plus de 400 personnes.<\/p>\t\t\t\t\t\t\t\t<\/div>\n\t\t\t\t<\/div>\n\t\t\t\t\t<\/details>\n\t\t\t\t\t<\/div>\n\t\t\t\t\t\t<\/div>\n\t\t\t\t<div class=\"elementor-element elementor-element-c366d44 elementor-align-justify elementor-widget elementor-widget-button\" data-id=\"c366d44\" data-element_type=\"widget\" data-e-type=\"widget\" data-widget_type=\"button.default\">\n\t\t\t\t\t\t\t\t\t\t<a class=\"elementor-button elementor-button-link elementor-size-sm\" href=\"https:\/\/www.google.com\/maps\/dir\/\/centro+cultural+de+la+villa+teatro+cartaya\/data=!4m6!4m5!1m1!4e2!1m2!1m1!1s0xd1031dc5d490dc5:0x482fca241ec2d462?sa=X&#038;ved=2ahUKEwiArfL9iYT2AhUmx4UKHcyjCNEQ9Rd6BAgkEAM\">\n\t\t\t\t\t\t<span class=\"elementor-button-content-wrapper\">\n\t\t\t\t\t\t\t\t\t<span class=\"elementor-button-text\">Comment arriver?<\/span>\n\t\t\t\t\t<\/span>\n\t\t\t\t\t<\/a>\n\t\t\t\t\t\t\t\t<\/div>\n\t\t\t\t<\/div>\n\t\t\t\t<\/div>\n\t\t<div class=\"elementor-element elementor-element-da4099d e-con-full e-flex elementor-invisible e-con e-child\" data-id=\"da4099d\" data-element_type=\"container\" data-e-type=\"container\" data-settings=\"{&quot;animation&quot;:&quot;fadeInUp&quot;}\">\n\t\t\t\t<div class=\"elementor-element elementor-element-b8d7fbe elementor-widget__width-initial elementor-widget-mobile__width-initial elementor-widget elementor-widget-image\" data-id=\"b8d7fbe\" data-element_type=\"widget\" data-e-type=\"widget\" data-widget_type=\"image.default\">\n\t\t\t\t\t\t\t\t\t\t\t\t\t\t\t<img loading=\"lazy\" decoding=\"async\" width=\"346\" height=\"346\" src=\"https:\/\/turismocartaya.com\/wp-content\/uploads\/2024\/05\/AntiguaCasaDeCultura.webp\" class=\"elementor-animation-grow attachment-large size-large wp-image-612\" alt=\"Antiguacasadecultura\" srcset=\"https:\/\/turismocartaya.com\/wp-content\/uploads\/2024\/05\/AntiguaCasaDeCultura.webp 346w, https:\/\/turismocartaya.com\/wp-content\/uploads\/2024\/05\/AntiguaCasaDeCultura-300x300.webp 300w, https:\/\/turismocartaya.com\/wp-content\/uploads\/2024\/05\/AntiguaCasaDeCultura-150x150.webp 150w\" sizes=\"(max-width: 346px) 100vw, 346px\" \/>\t\t\t\t\t\t\t\t\t\t\t\t\t\t\t<\/div>\n\t\t<div class=\"elementor-element elementor-element-83c045c e-con-full e-flex e-con e-child\" data-id=\"83c045c\" data-element_type=\"container\" data-e-type=\"container\" data-settings=\"{&quot;background_background&quot;:&quot;classic&quot;}\">\n\t\t\t\t<div class=\"elementor-element elementor-element-23a71bd elementor-widget__width-inherit elementor-widget elementor-widget-heading\" data-id=\"23a71bd\" data-element_type=\"widget\" data-e-type=\"widget\" data-widget_type=\"heading.default\">\n\t\t\t\t\t<h2 class=\"elementor-heading-title elementor-size-default\">Ancienne Maison de la Culture<\/h2>\t\t\t\t<\/div>\n\t\t\t\t<\/div>\n\t\t<div class=\"elementor-element elementor-element-8aefa6e e-con-full e-flex e-con e-child\" data-id=\"8aefa6e\" data-element_type=\"container\" data-e-type=\"container\" data-settings=\"{&quot;background_background&quot;:&quot;classic&quot;}\">\n\t\t\t\t<div class=\"elementor-element elementor-element-8a36124 elementor-widget elementor-widget-n-accordion\" data-id=\"8a36124\" data-element_type=\"widget\" data-e-type=\"widget\" data-settings=\"{&quot;default_state&quot;:&quot;all_collapsed&quot;,&quot;max_items_expended&quot;:&quot;one&quot;,&quot;n_accordion_animation_duration&quot;:{&quot;unit&quot;:&quot;ms&quot;,&quot;size&quot;:400,&quot;sizes&quot;:[]}}\" data-widget_type=\"nested-accordion.default\">\n\t\t\t\t\t\t\t<div class=\"e-n-accordion\" aria-label=\"Accord\u00e9on. Ouvrez les liens avec Entr\u00e9e ou Espace, fermez avec \u00c9chap et naviguez avec les touches fl\u00e9ch\u00e9es\">\n\t\t\t\t\t\t<details id=\"e-n-accordion-item-1440\" class=\"e-n-accordion-item\" >\n\t\t\t\t<summary class=\"e-n-accordion-item-title\" data-accordion-index=\"1\" tabindex=\"0\" aria-expanded=\"false\" aria-controls=\"e-n-accordion-item-1440\" >\n\t\t\t\t\t<span class='e-n-accordion-item-title-header'><div class=\"e-n-accordion-item-title-text\"> + informations <\/div><\/span>\n\t\t\t\t\t\t\t\t\t<\/summary>\n\t\t\t\t<div role=\"region\" aria-labelledby=\"e-n-accordion-item-1440\" class=\"elementor-element elementor-element-3c04767 e-con-full e-flex e-con e-child\" data-id=\"3c04767\" data-element_type=\"container\" data-e-type=\"container\">\n\t\t\t\t<div class=\"elementor-element elementor-element-dfc342d elementor-widget elementor-widget-text-editor\" data-id=\"dfc342d\" data-element_type=\"widget\" data-e-type=\"widget\" data-widget_type=\"text-editor.default\">\n\t\t\t\t\t\t\t\t\t<p>Situ\u00e9 sur la Plaza Redonda de Cartaya, juste en face de la mairie. Il s&#039;agit d&#039;un b\u00e2timent de deux \u00e9tages qui attire l&#039;attention gr\u00e2ce \u00e0 sa tour situ\u00e9e au coin de la rue De la Plaza.<\/p>\t\t\t\t\t\t\t\t<\/div>\n\t\t\t\t<\/div>\n\t\t\t\t\t<\/details>\n\t\t\t\t\t<\/div>\n\t\t\t\t\t\t<\/div>\n\t\t\t\t<div class=\"elementor-element elementor-element-07c20dc elementor-align-justify elementor-widget elementor-widget-button\" data-id=\"07c20dc\" data-element_type=\"widget\" data-e-type=\"widget\" data-widget_type=\"button.default\">\n\t\t\t\t\t\t\t\t\t\t<a class=\"elementor-button elementor-button-link elementor-size-sm\" href=\"https:\/\/www.google.com\/maps\/dir\/\/Huelva,+Cartaya,+C.+Hospital,+ayuntamiento+cartaya%E9%82%AE%E6%94%BF%E7%BC%96%E7%A0%81:+21450\/@37.283917,-7.1597642,15z\/data=!4m12!1m2!2m1!1sayuntamiento+de+cartaya!4m8!1m0!1m5!1m1!1s0xd10337fe511f4bd:0xbe819676f5729e9a!2m2!1d-7.155394!2d37.2830852!3e3?hl=es\">\n\t\t\t\t\t\t<span class=\"elementor-button-content-wrapper\">\n\t\t\t\t\t\t\t\t\t<span class=\"elementor-button-text\">Comment arriver?<\/span>\n\t\t\t\t\t<\/span>\n\t\t\t\t\t<\/a>\n\t\t\t\t\t\t\t\t<\/div>\n\t\t\t\t<\/div>\n\t\t\t\t<\/div>\n\t\t\t\t<\/div>\n\t\t<div class=\"elementor-element elementor-element-b3504c3 e-grid e-con-full e-con e-parent\" data-id=\"b3504c3\" data-element_type=\"container\" data-e-type=\"container\" data-settings=\"{&quot;background_background&quot;:&quot;classic&quot;}\">\n\t\t<div class=\"elementor-element elementor-element-bc71ed6 e-con-full e-flex elementor-invisible e-con e-child\" data-id=\"bc71ed6\" data-element_type=\"container\" data-e-type=\"container\" data-settings=\"{&quot;animation&quot;:&quot;fadeInUp&quot;}\">\n\t\t\t\t<div class=\"elementor-element elementor-element-9933212 elementor-widget__width-initial elementor-widget-mobile__width-initial elementor-widget elementor-widget-image\" data-id=\"9933212\" data-element_type=\"widget\" data-e-type=\"widget\" data-widget_type=\"image.default\">\n\t\t\t\t\t\t\t\t\t\t\t\t\t\t\t<img loading=\"lazy\" decoding=\"async\" width=\"346\" height=\"346\" src=\"https:\/\/turismocartaya.com\/wp-content\/uploads\/2024\/05\/IglesiaSanPedro.webp\" class=\"elementor-animation-grow attachment-large size-large wp-image-611\" alt=\"Iglesiasanpedro\" srcset=\"https:\/\/turismocartaya.com\/wp-content\/uploads\/2024\/05\/IglesiaSanPedro.webp 346w, https:\/\/turismocartaya.com\/wp-content\/uploads\/2024\/05\/IglesiaSanPedro-300x300.webp 300w, https:\/\/turismocartaya.com\/wp-content\/uploads\/2024\/05\/IglesiaSanPedro-150x150.webp 150w\" sizes=\"(max-width: 346px) 100vw, 346px\" \/>\t\t\t\t\t\t\t\t\t\t\t\t\t\t\t<\/div>\n\t\t<div class=\"elementor-element elementor-element-1795646 e-con-full e-flex e-con e-child\" data-id=\"1795646\" data-element_type=\"container\" data-e-type=\"container\" data-settings=\"{&quot;background_background&quot;:&quot;classic&quot;}\">\n\t\t\t\t<div class=\"elementor-element elementor-element-9945942 elementor-widget__width-inherit elementor-widget elementor-widget-heading\" data-id=\"9945942\" data-element_type=\"widget\" data-e-type=\"widget\" data-widget_type=\"heading.default\">\n\t\t\t\t\t<h2 class=\"elementor-heading-title elementor-size-default\">\u00c9glise paroissiale Saint-Pierre<\/h2>\t\t\t\t<\/div>\n\t\t\t\t<\/div>\n\t\t<div class=\"elementor-element elementor-element-8ea9e80 e-con-full e-flex e-con e-child\" data-id=\"8ea9e80\" data-element_type=\"container\" data-e-type=\"container\" data-settings=\"{&quot;background_background&quot;:&quot;classic&quot;}\">\n\t\t\t\t<div class=\"elementor-element elementor-element-a42f7d6 elementor-widget elementor-widget-n-accordion\" data-id=\"a42f7d6\" data-element_type=\"widget\" data-e-type=\"widget\" data-settings=\"{&quot;default_state&quot;:&quot;all_collapsed&quot;,&quot;max_items_expended&quot;:&quot;one&quot;,&quot;n_accordion_animation_duration&quot;:{&quot;unit&quot;:&quot;ms&quot;,&quot;size&quot;:400,&quot;sizes&quot;:[]}}\" data-widget_type=\"nested-accordion.default\">\n\t\t\t\t\t\t\t<div class=\"e-n-accordion\" aria-label=\"Accord\u00e9on. Ouvrez les liens avec Entr\u00e9e ou Espace, fermez avec \u00c9chap et naviguez avec les touches fl\u00e9ch\u00e9es\">\n\t\t\t\t\t\t<details id=\"e-n-accordion-item-1720\" class=\"e-n-accordion-item\" >\n\t\t\t\t<summary class=\"e-n-accordion-item-title\" data-accordion-index=\"1\" tabindex=\"0\" aria-expanded=\"false\" aria-controls=\"e-n-accordion-item-1720\" >\n\t\t\t\t\t<span class='e-n-accordion-item-title-header'><div class=\"e-n-accordion-item-title-text\"> + informations <\/div><\/span>\n\t\t\t\t\t\t\t\t\t<\/summary>\n\t\t\t\t<div role=\"region\" aria-labelledby=\"e-n-accordion-item-1720\" class=\"elementor-element elementor-element-9156397 e-con-full e-flex e-con e-child\" data-id=\"9156397\" data-element_type=\"container\" data-e-type=\"container\">\n\t\t\t\t<div class=\"elementor-element elementor-element-0e06087 elementor-widget elementor-widget-text-editor\" data-id=\"0e06087\" data-element_type=\"widget\" data-e-type=\"widget\" data-widget_type=\"text-editor.default\">\n\t\t\t\t\t\t\t\t\t<p><span class=\"wixui-rich-text__text\"><span class=\"color_15 wixui-rich-text__text\">De style Renaissance, elle se compose de trois nefs, elle a \u00e9t\u00e9 construite entre 1575 et 1606 sur une pr\u00e9c\u00e9dente de style mud\u00e9jar et avec un seul \u00e9tage. Apr\u00e8s le tremblement de terre de Lisbonne en 1755, elle a d\u00fb \u00eatre enti\u00e8rement restaur\u00e9e pour lui donner une touche baroque.\u00a0<\/span><\/span><span class=\"wixui-rich-text__text\"><span class=\"color_15 wixui-rich-text__text\">\u00c0 l&#039;int\u00e9rieur du b\u00e2timent se trouve une collection de peintures du XVIIIe si\u00e8cle qui repr\u00e9sentent la vie de saint Fran\u00e7ois. Parmi les tr\u00e9sors qu&#039;il conserve, il y a un Christ aux Sept Paroles du XVIe si\u00e8cle, un San Joaqu\u00edn baroque et divers objets de culte des XVIIe et XVIIIe si\u00e8cles, offerts par des Indiens d&#039;origine Cartayero.<\/span><\/span><\/p>\t\t\t\t\t\t\t\t<\/div>\n\t\t\t\t<\/div>\n\t\t\t\t\t<\/details>\n\t\t\t\t\t<\/div>\n\t\t\t\t\t\t<\/div>\n\t\t\t\t<div class=\"elementor-element elementor-element-d330ba9 elementor-align-justify elementor-widget elementor-widget-button\" data-id=\"d330ba9\" data-element_type=\"widget\" data-e-type=\"widget\" data-widget_type=\"button.default\">\n\t\t\t\t\t\t\t\t\t\t<a class=\"elementor-button elementor-button-link elementor-size-sm\" href=\"https:\/\/www.google.com\/maps\/dir\/\/iglesia+parroquial+san+pedro+cartaya\/data=!4m6!4m5!1m1!4e2!1m2!1m1!1s0xd103247ceaac283:0xefe2bf2faeac8d53?sa=X&#038;ved=2ahUKEwiBh_7M1ZH2AhVlxYUKHRoYCpYQ9Rd6BAgsEAM\">\n\t\t\t\t\t\t<span class=\"elementor-button-content-wrapper\">\n\t\t\t\t\t\t\t\t\t<span class=\"elementor-button-text\">Comment arriver?<\/span>\n\t\t\t\t\t<\/span>\n\t\t\t\t\t<\/a>\n\t\t\t\t\t\t\t\t<\/div>\n\t\t\t\t<\/div>\n\t\t\t\t<\/div>\n\t\t<div class=\"elementor-element elementor-element-01d0c9b e-con-full e-flex elementor-invisible e-con e-child\" data-id=\"01d0c9b\" data-element_type=\"container\" data-e-type=\"container\" data-settings=\"{&quot;animation&quot;:&quot;fadeInUp&quot;}\">\n\t\t\t\t<div class=\"elementor-element elementor-element-aa6946f elementor-widget__width-initial elementor-widget-mobile__width-initial elementor-widget elementor-widget-image\" data-id=\"aa6946f\" data-element_type=\"widget\" data-e-type=\"widget\" data-widget_type=\"image.default\">\n\t\t\t\t\t\t\t\t\t\t\t\t\t\t\t<img loading=\"lazy\" decoding=\"async\" width=\"346\" height=\"346\" src=\"https:\/\/turismocartaya.com\/wp-content\/uploads\/2024\/05\/ConventoDeLaMerced.webp\" class=\"elementor-animation-grow attachment-large size-large wp-image-610\" alt=\"Conventodelamerced\" srcset=\"https:\/\/turismocartaya.com\/wp-content\/uploads\/2024\/05\/ConventoDeLaMerced.webp 346w, https:\/\/turismocartaya.com\/wp-content\/uploads\/2024\/05\/ConventoDeLaMerced-300x300.webp 300w, https:\/\/turismocartaya.com\/wp-content\/uploads\/2024\/05\/ConventoDeLaMerced-150x150.webp 150w\" sizes=\"(max-width: 346px) 100vw, 346px\" \/>\t\t\t\t\t\t\t\t\t\t\t\t\t\t\t<\/div>\n\t\t<div class=\"elementor-element elementor-element-7f66327 e-con-full e-flex e-con e-child\" data-id=\"7f66327\" data-element_type=\"container\" data-e-type=\"container\" data-settings=\"{&quot;background_background&quot;:&quot;classic&quot;}\">\n\t\t\t\t<div class=\"elementor-element elementor-element-8d92005 elementor-widget__width-inherit elementor-widget elementor-widget-heading\" data-id=\"8d92005\" data-element_type=\"widget\" data-e-type=\"widget\" data-widget_type=\"heading.default\">\n\t\t\t\t\t<h2 class=\"elementor-heading-title elementor-size-default\">Couvent de la Mis\u00e9ricorde<\/h2>\t\t\t\t<\/div>\n\t\t\t\t<\/div>\n\t\t<div class=\"elementor-element elementor-element-5e36b35 e-con-full e-flex e-con e-child\" data-id=\"5e36b35\" data-element_type=\"container\" data-e-type=\"container\" data-settings=\"{&quot;background_background&quot;:&quot;classic&quot;}\">\n\t\t\t\t<div class=\"elementor-element elementor-element-cd4a043 elementor-widget elementor-widget-n-accordion\" data-id=\"cd4a043\" data-element_type=\"widget\" data-e-type=\"widget\" data-settings=\"{&quot;default_state&quot;:&quot;all_collapsed&quot;,&quot;max_items_expended&quot;:&quot;one&quot;,&quot;n_accordion_animation_duration&quot;:{&quot;unit&quot;:&quot;ms&quot;,&quot;size&quot;:400,&quot;sizes&quot;:[]}}\" data-widget_type=\"nested-accordion.default\">\n\t\t\t\t\t\t\t<div class=\"e-n-accordion\" aria-label=\"Accord\u00e9on. Ouvrez les liens avec Entr\u00e9e ou Espace, fermez avec \u00c9chap et naviguez avec les touches fl\u00e9ch\u00e9es\">\n\t\t\t\t\t\t<details id=\"e-n-accordion-item-2150\" class=\"e-n-accordion-item\" >\n\t\t\t\t<summary class=\"e-n-accordion-item-title\" data-accordion-index=\"1\" tabindex=\"0\" aria-expanded=\"false\" aria-controls=\"e-n-accordion-item-2150\" >\n\t\t\t\t\t<span class='e-n-accordion-item-title-header'><div class=\"e-n-accordion-item-title-text\"> + informations <\/div><\/span>\n\t\t\t\t\t\t\t\t\t<\/summary>\n\t\t\t\t<div role=\"region\" aria-labelledby=\"e-n-accordion-item-2150\" class=\"elementor-element elementor-element-e5d8a2e e-con-full e-flex e-con e-child\" data-id=\"e5d8a2e\" data-element_type=\"container\" data-e-type=\"container\">\n\t\t\t\t<div class=\"elementor-element elementor-element-3e10cc2 elementor-widget elementor-widget-text-editor\" data-id=\"3e10cc2\" data-element_type=\"widget\" data-e-type=\"widget\" data-widget_type=\"text-editor.default\">\n\t\t\t\t\t\t\t\t\t<p>Fond\u00e9e par les Trinitarios de la Merced Descalza entre les XVe et XVIe si\u00e8cles, d\u00e9di\u00e9e \u00e0 la r\u00e9demption des captifs. D\u00e9truite par le tremblement de terre de Lisbonne, elle fut relev\u00e9e en 1756. La tour baroque, notamment la tour baroque, est conserv\u00e9e en bon \u00e9tat, une tour construite en pierres avec un corps de cloches lisse et surmont\u00e9e d&#039;une fl\u00e8che couverte de tuiles. Il se compose de trois espaces : couvent, \u00e9glise ou chapelle et verger.<\/p>\t\t\t\t\t\t\t\t<\/div>\n\t\t\t\t<\/div>\n\t\t\t\t\t<\/details>\n\t\t\t\t\t<\/div>\n\t\t\t\t\t\t<\/div>\n\t\t\t\t<div class=\"elementor-element elementor-element-b10132d elementor-align-justify elementor-widget elementor-widget-button\" data-id=\"b10132d\" data-element_type=\"widget\" data-e-type=\"widget\" data-widget_type=\"button.default\">\n\t\t\t\t\t\t\t\t\t\t<a class=\"elementor-button elementor-button-link elementor-size-sm\" href=\"https:\/\/www.google.com\/maps\/dir\/37.3762472,-6.9634299\/C.+Convento,+21450+Cartaya,+Huelva\/@37.3314269,-7.0907464,13766m\/data=!3m2!1e3!4b1!4m18!1m7!3m6!1s0xd1032463df9c025:0x7bfdce7cf73894f9!2sC.+Convento,+21450+Cartaya,+Huelva!3b1!8m2!3d37.2835058!4d-7.1531234!4m9!1m1!4e1!1m5!1m1!1s0xd1032463df9c025:0x7bfdce7cf73894f9!2m2!1d-7.1531234!2d37.2835058!3e0\">\n\t\t\t\t\t\t<span class=\"elementor-button-content-wrapper\">\n\t\t\t\t\t\t\t\t\t<span class=\"elementor-button-text\">Comment arriver?<\/span>\n\t\t\t\t\t<\/span>\n\t\t\t\t\t<\/a>\n\t\t\t\t\t\t\t\t<\/div>\n\t\t\t\t<\/div>\n\t\t\t\t<\/div>\n\t\t<div class=\"elementor-element elementor-element-34f0877 e-con-full e-flex elementor-invisible e-con e-child\" data-id=\"34f0877\" data-element_type=\"container\" data-e-type=\"container\" data-settings=\"{&quot;animation&quot;:&quot;fadeInUp&quot;}\">\n\t\t\t\t<div class=\"elementor-element elementor-element-417d7d8 elementor-widget__width-initial elementor-widget-mobile__width-initial elementor-widget elementor-widget-image\" data-id=\"417d7d8\" data-element_type=\"widget\" data-e-type=\"widget\" data-widget_type=\"image.default\">\n\t\t\t\t\t\t\t\t\t\t\t\t\t\t\t<img loading=\"lazy\" decoding=\"async\" width=\"346\" height=\"346\" src=\"https:\/\/turismocartaya.com\/wp-content\/uploads\/2024\/05\/ErmitaConsolacion.webp\" class=\"elementor-animation-grow attachment-large size-large wp-image-609\" alt=\"Ermitaconsolacion\" srcset=\"https:\/\/turismocartaya.com\/wp-content\/uploads\/2024\/05\/ErmitaConsolacion.webp 346w, https:\/\/turismocartaya.com\/wp-content\/uploads\/2024\/05\/ErmitaConsolacion-300x300.webp 300w, https:\/\/turismocartaya.com\/wp-content\/uploads\/2024\/05\/ErmitaConsolacion-150x150.webp 150w\" sizes=\"(max-width: 346px) 100vw, 346px\" \/>\t\t\t\t\t\t\t\t\t\t\t\t\t\t\t<\/div>\n\t\t<div class=\"elementor-element elementor-element-cf09517 e-con-full e-flex e-con e-child\" data-id=\"cf09517\" data-element_type=\"container\" data-e-type=\"container\" data-settings=\"{&quot;background_background&quot;:&quot;classic&quot;}\">\n\t\t\t\t<div class=\"elementor-element elementor-element-1ed5e72 elementor-widget__width-inherit elementor-widget elementor-widget-heading\" data-id=\"1ed5e72\" data-element_type=\"widget\" data-e-type=\"widget\" data-widget_type=\"heading.default\">\n\t\t\t\t\t<h2 class=\"elementor-heading-title elementor-size-default\">Ermitage de Notre-Dame de Consolation<\/h2>\t\t\t\t<\/div>\n\t\t\t\t<\/div>\n\t\t<div class=\"elementor-element elementor-element-8be790b e-con-full e-flex e-con e-child\" data-id=\"8be790b\" data-element_type=\"container\" data-e-type=\"container\" data-settings=\"{&quot;background_background&quot;:&quot;classic&quot;}\">\n\t\t\t\t<div class=\"elementor-element elementor-element-bde3c65 elementor-widget elementor-widget-n-accordion\" data-id=\"bde3c65\" data-element_type=\"widget\" data-e-type=\"widget\" data-settings=\"{&quot;default_state&quot;:&quot;all_collapsed&quot;,&quot;max_items_expended&quot;:&quot;one&quot;,&quot;n_accordion_animation_duration&quot;:{&quot;unit&quot;:&quot;ms&quot;,&quot;size&quot;:400,&quot;sizes&quot;:[]}}\" data-widget_type=\"nested-accordion.default\">\n\t\t\t\t\t\t\t<div class=\"e-n-accordion\" aria-label=\"Accord\u00e9on. Ouvrez les liens avec Entr\u00e9e ou Espace, fermez avec \u00c9chap et naviguez avec les touches fl\u00e9ch\u00e9es\">\n\t\t\t\t\t\t<details id=\"e-n-accordion-item-1990\" class=\"e-n-accordion-item\" >\n\t\t\t\t<summary class=\"e-n-accordion-item-title\" data-accordion-index=\"1\" tabindex=\"0\" aria-expanded=\"false\" aria-controls=\"e-n-accordion-item-1990\" >\n\t\t\t\t\t<span class='e-n-accordion-item-title-header'><div class=\"e-n-accordion-item-title-text\"> + informations <\/div><\/span>\n\t\t\t\t\t\t\t\t\t<\/summary>\n\t\t\t\t<div role=\"region\" aria-labelledby=\"e-n-accordion-item-1990\" class=\"elementor-element elementor-element-1d7ff25 e-con-full e-flex e-con e-child\" data-id=\"1d7ff25\" data-element_type=\"container\" data-e-type=\"container\">\n\t\t\t\t<div class=\"elementor-element elementor-element-15434d6 elementor-widget elementor-widget-text-editor\" data-id=\"15434d6\" data-element_type=\"widget\" data-e-type=\"widget\" data-widget_type=\"text-editor.default\">\n\t\t\t\t\t\t\t\t\t<p>Fond\u00e9e par un Indien au XVIe si\u00e8cle, avec une nette saveur baroque andalouse, elle se compose d&#039;un navire \u00e0 trois nefs, s\u00e9par\u00e9es par des galeries \u00e0 trois arcs en plein cintre et soutenues par des piliers de section cruciforme. D\u00e9di\u00e9 \u00e0 Notre-Dame de Consolation. En 1977, \u00e0 la suite du tremblement de terre de Lisbonne, le b\u00e2timent a \u00e9t\u00e9 reconstruit en restant identique \u00e0 l&#039;original. C&#039;est la Confr\u00e9rie Notre-Dame de Consolation elle-m\u00eame qui est charg\u00e9e de g\u00e9rer le fonctionnement de l&#039;ermitage.<\/p>\t\t\t\t\t\t\t\t<\/div>\n\t\t\t\t<\/div>\n\t\t\t\t\t<\/details>\n\t\t\t\t\t<\/div>\n\t\t\t\t\t\t<\/div>\n\t\t\t\t<div class=\"elementor-element elementor-element-d8d54da elementor-align-justify elementor-widget elementor-widget-button\" data-id=\"d8d54da\" data-element_type=\"widget\" data-e-type=\"widget\" data-widget_type=\"button.default\">\n\t\t\t\t\t\t\t\t\t\t<a class=\"elementor-button elementor-button-link elementor-size-sm\" href=\"https:\/\/www.google.com\/maps\/dir\/\/ayuntamiento+cartaya\/data=!4m6!4m5!1m1!4e2!1m2!1m1!1s0xd10337fe511f4bd:0xbe819676f5729e9a?sa=X&#038;ved=2ahUKEwiF5-OZhIT2AhUGQBoKHWaYANAQ9Rd6BAgiEAM\">\n\t\t\t\t\t\t<span class=\"elementor-button-content-wrapper\">\n\t\t\t\t\t\t\t\t\t<span class=\"elementor-button-text\">Comment arriver?<\/span>\n\t\t\t\t\t<\/span>\n\t\t\t\t\t<\/a>\n\t\t\t\t\t\t\t\t<\/div>\n\t\t\t\t<\/div>\n\t\t\t\t<\/div>\n\t\t<div class=\"elementor-element elementor-element-30481df e-con-full e-flex elementor-invisible e-con e-child\" data-id=\"30481df\" data-element_type=\"container\" data-e-type=\"container\" data-settings=\"{&quot;animation&quot;:&quot;fadeInUp&quot;}\">\n\t\t\t\t<div class=\"elementor-element elementor-element-83132cd elementor-widget__width-initial elementor-widget-mobile__width-initial elementor-widget elementor-widget-image\" data-id=\"83132cd\" data-element_type=\"widget\" data-e-type=\"widget\" data-widget_type=\"image.default\">\n\t\t\t\t\t\t\t\t\t\t\t\t\t\t\t<img loading=\"lazy\" decoding=\"async\" width=\"346\" height=\"346\" src=\"https:\/\/turismocartaya.com\/wp-content\/uploads\/2024\/05\/ParroquiaCarmen.webp\" class=\"elementor-animation-grow attachment-large size-large wp-image-608\" alt=\"Parroquiacarmen\" srcset=\"https:\/\/turismocartaya.com\/wp-content\/uploads\/2024\/05\/ParroquiaCarmen.webp 346w, https:\/\/turismocartaya.com\/wp-content\/uploads\/2024\/05\/ParroquiaCarmen-300x300.webp 300w, https:\/\/turismocartaya.com\/wp-content\/uploads\/2024\/05\/ParroquiaCarmen-150x150.webp 150w\" sizes=\"(max-width: 346px) 100vw, 346px\" \/>\t\t\t\t\t\t\t\t\t\t\t\t\t\t\t<\/div>\n\t\t<div class=\"elementor-element elementor-element-955f164 e-con-full e-flex e-con e-child\" data-id=\"955f164\" data-element_type=\"container\" data-e-type=\"container\" data-settings=\"{&quot;background_background&quot;:&quot;classic&quot;}\">\n\t\t\t\t<div class=\"elementor-element elementor-element-a4c8036 elementor-widget__width-inherit elementor-widget elementor-widget-heading\" data-id=\"a4c8036\" data-element_type=\"widget\" data-e-type=\"widget\" data-widget_type=\"heading.default\">\n\t\t\t\t\t<h2 class=\"elementor-heading-title elementor-size-default\">Paroisse Notre-Dame du Carmen<\/h2>\t\t\t\t<\/div>\n\t\t\t\t<\/div>\n\t\t<div class=\"elementor-element elementor-element-9cd7b35 e-con-full e-flex e-con e-child\" data-id=\"9cd7b35\" data-element_type=\"container\" data-e-type=\"container\" data-settings=\"{&quot;background_background&quot;:&quot;classic&quot;}\">\n\t\t\t\t<div class=\"elementor-element elementor-element-dd6e53c elementor-widget elementor-widget-n-accordion\" data-id=\"dd6e53c\" data-element_type=\"widget\" data-e-type=\"widget\" data-settings=\"{&quot;default_state&quot;:&quot;all_collapsed&quot;,&quot;max_items_expended&quot;:&quot;one&quot;,&quot;n_accordion_animation_duration&quot;:{&quot;unit&quot;:&quot;ms&quot;,&quot;size&quot;:400,&quot;sizes&quot;:[]}}\" data-widget_type=\"nested-accordion.default\">\n\t\t\t\t\t\t\t<div class=\"e-n-accordion\" aria-label=\"Accord\u00e9on. Ouvrez les liens avec Entr\u00e9e ou Espace, fermez avec \u00c9chap et naviguez avec les touches fl\u00e9ch\u00e9es\">\n\t\t\t\t\t\t<details id=\"e-n-accordion-item-2320\" class=\"e-n-accordion-item\" >\n\t\t\t\t<summary class=\"e-n-accordion-item-title\" data-accordion-index=\"1\" tabindex=\"0\" aria-expanded=\"false\" aria-controls=\"e-n-accordion-item-2320\" >\n\t\t\t\t\t<span class='e-n-accordion-item-title-header'><div class=\"e-n-accordion-item-title-text\"> + informations <\/div><\/span>\n\t\t\t\t\t\t\t\t\t<\/summary>\n\t\t\t\t<div role=\"region\" aria-labelledby=\"e-n-accordion-item-2320\" class=\"elementor-element elementor-element-9d8015b e-con-full e-flex e-con e-child\" data-id=\"9d8015b\" data-element_type=\"container\" data-e-type=\"container\">\n\t\t\t\t<div class=\"elementor-element elementor-element-5d71063 elementor-widget elementor-widget-text-editor\" data-id=\"5d71063\" data-element_type=\"widget\" data-e-type=\"widget\" data-widget_type=\"text-editor.default\">\n\t\t\t\t\t\t\t\t\t<p>\u00c9glise paroissiale construite en 1956 par le Consortium Almadrabero avec les briques restantes apr\u00e8s la construction de La Almadraba. Sa construction a \u00e9t\u00e9 une \u00e9tape importante pour les breakieros, car en plus de la messe, d&#039;autres \u00e9v\u00e9nements liturgiques comme les bapt\u00eames, les communions et les mariages ont commenc\u00e9 \u00e0 \u00eatre c\u00e9l\u00e9br\u00e9s dans le centre de p\u00eache. La Paroisse v\u00e9n\u00e8re la Vierge du Carmen, patronne des marins. L&#039;image de Notre-Dame du Carmen, actuellement en procession \u00e0 El Rompido, a \u00e9t\u00e9 apport\u00e9e de S\u00e9ville dans les ann\u00e9es 1930 par Jer\u00f3nimo Gil, chanoine et ami du cur\u00e9 de Cartaya, Luis Cruz.<\/p>\t\t\t\t\t\t\t\t<\/div>\n\t\t\t\t<\/div>\n\t\t\t\t\t<\/details>\n\t\t\t\t\t<\/div>\n\t\t\t\t\t\t<\/div>\n\t\t\t\t<div class=\"elementor-element elementor-element-2d26ddd elementor-align-justify elementor-widget elementor-widget-button\" data-id=\"2d26ddd\" data-element_type=\"widget\" data-e-type=\"widget\" data-widget_type=\"button.default\">\n\t\t\t\t\t\t\t\t\t\t<a class=\"elementor-button elementor-button-link elementor-size-sm\" href=\"https:\/\/www.google.com\/maps\/dir\/\/Pl.+de+las+Sirenas,+1,+21459+El+Rompido,+Huelva\/@37.2176197,-7.2053208,12z\/data=!4m8!4m7!1m0!1m5!1m1!1s0xd102d1b7115cdc9:0x41cdf5f26bee1ecc!2m2!1d-7.1229905!2d37.2176471?hl=es&#038;entry=ttu\">\n\t\t\t\t\t\t<span class=\"elementor-button-content-wrapper\">\n\t\t\t\t\t\t\t\t\t<span class=\"elementor-button-text\">Comment arriver?<\/span>\n\t\t\t\t\t<\/span>\n\t\t\t\t\t<\/a>\n\t\t\t\t\t\t\t\t<\/div>\n\t\t\t\t<\/div>\n\t\t\t\t<\/div>\n\t\t\t\t<\/div>\n\t\t<div class=\"elementor-element elementor-element-5acef31 e-grid e-con-full e-con e-parent\" data-id=\"5acef31\" data-element_type=\"container\" data-e-type=\"container\" data-settings=\"{&quot;background_background&quot;:&quot;classic&quot;}\">\n\t\t<div class=\"elementor-element elementor-element-aca94be e-con-full e-flex elementor-invisible e-con e-child\" data-id=\"aca94be\" data-element_type=\"container\" data-e-type=\"container\" data-settings=\"{&quot;animation&quot;:&quot;fadeInUp&quot;}\">\n\t\t\t\t<div class=\"elementor-element elementor-element-80a504e elementor-widget__width-initial elementor-widget-mobile__width-initial elementor-widget elementor-widget-image\" data-id=\"80a504e\" data-element_type=\"widget\" data-e-type=\"widget\" data-widget_type=\"image.default\">\n\t\t\t\t\t\t\t\t\t\t\t\t\t\t\t<img loading=\"lazy\" decoding=\"async\" width=\"346\" height=\"346\" src=\"https:\/\/turismocartaya.com\/wp-content\/uploads\/2024\/05\/FarosElRompido.webp\" class=\"elementor-animation-grow attachment-large size-large wp-image-607\" alt=\"Faroselrompido\" srcset=\"https:\/\/turismocartaya.com\/wp-content\/uploads\/2024\/05\/FarosElRompido.webp 346w, https:\/\/turismocartaya.com\/wp-content\/uploads\/2024\/05\/FarosElRompido-300x300.webp 300w, https:\/\/turismocartaya.com\/wp-content\/uploads\/2024\/05\/FarosElRompido-150x150.webp 150w\" sizes=\"(max-width: 346px) 100vw, 346px\" \/>\t\t\t\t\t\t\t\t\t\t\t\t\t\t\t<\/div>\n\t\t<div class=\"elementor-element elementor-element-7683aab e-con-full e-flex e-con e-child\" data-id=\"7683aab\" data-element_type=\"container\" data-e-type=\"container\" data-settings=\"{&quot;background_background&quot;:&quot;classic&quot;}\">\n\t\t\t\t<div class=\"elementor-element elementor-element-7573c10 elementor-widget__width-inherit elementor-widget elementor-widget-heading\" data-id=\"7573c10\" data-element_type=\"widget\" data-e-type=\"widget\" data-widget_type=\"heading.default\">\n\t\t\t\t\t<h2 class=\"elementor-heading-title elementor-size-default\">Phares d&#039;El Rompido<\/h2>\t\t\t\t<\/div>\n\t\t\t\t<\/div>\n\t\t<div class=\"elementor-element elementor-element-0240600 e-con-full e-flex e-con e-child\" data-id=\"0240600\" data-element_type=\"container\" data-e-type=\"container\" data-settings=\"{&quot;background_background&quot;:&quot;classic&quot;}\">\n\t\t\t\t<div class=\"elementor-element elementor-element-a9006fb elementor-widget elementor-widget-n-accordion\" data-id=\"a9006fb\" data-element_type=\"widget\" data-e-type=\"widget\" data-settings=\"{&quot;default_state&quot;:&quot;all_collapsed&quot;,&quot;max_items_expended&quot;:&quot;one&quot;,&quot;n_accordion_animation_duration&quot;:{&quot;unit&quot;:&quot;ms&quot;,&quot;size&quot;:400,&quot;sizes&quot;:[]}}\" data-widget_type=\"nested-accordion.default\">\n\t\t\t\t\t\t\t<div class=\"e-n-accordion\" aria-label=\"Accord\u00e9on. Ouvrez les liens avec Entr\u00e9e ou Espace, fermez avec \u00c9chap et naviguez avec les touches fl\u00e9ch\u00e9es\">\n\t\t\t\t\t\t<details id=\"e-n-accordion-item-1770\" class=\"e-n-accordion-item\" >\n\t\t\t\t<summary class=\"e-n-accordion-item-title\" data-accordion-index=\"1\" tabindex=\"0\" aria-expanded=\"false\" aria-controls=\"e-n-accordion-item-1770\" >\n\t\t\t\t\t<span class='e-n-accordion-item-title-header'><div class=\"e-n-accordion-item-title-text\"> + informations <\/div><\/span>\n\t\t\t\t\t\t\t\t\t<\/summary>\n\t\t\t\t<div role=\"region\" aria-labelledby=\"e-n-accordion-item-1770\" class=\"elementor-element elementor-element-5dcae5e e-con-full e-flex e-con e-child\" data-id=\"5dcae5e\" data-element_type=\"container\" data-e-type=\"container\">\n\t\t\t\t<div class=\"elementor-element elementor-element-a8e7aeb elementor-widget elementor-widget-text-editor\" data-id=\"a8e7aeb\" data-element_type=\"widget\" data-e-type=\"widget\" data-widget_type=\"text-editor.default\">\n\t\t\t\t\t\t\t\t\t<p>De ce point, vous pourrez profiter d&#039;une vue spectaculaire sur le village c\u00f4tier d&#039;El Rompido et le parc naturel qui l&#039;entoure. L&#039;ancien phare, d&#039;une hauteur de 13 m\u00e8tres, a \u00e9t\u00e9 construit en 1861 et est le plus ancien de Huelva. Le Nouveau Phare, qui mesure 31 m\u00e8tres de haut, a \u00e9t\u00e9 construit en 1976 et son phare a une port\u00e9e de 24 milles marins.<\/p>\t\t\t\t\t\t\t\t<\/div>\n\t\t\t\t<\/div>\n\t\t\t\t\t<\/details>\n\t\t\t\t\t<\/div>\n\t\t\t\t\t\t<\/div>\n\t\t\t\t<div class=\"elementor-element elementor-element-762adf0 elementor-align-justify elementor-widget elementor-widget-button\" data-id=\"762adf0\" data-element_type=\"widget\" data-e-type=\"widget\" data-widget_type=\"button.default\">\n\t\t\t\t\t\t\t\t\t\t<a class=\"elementor-button elementor-button-link elementor-size-sm\" href=\"https:\/\/www.google.com\/maps\/dir\/37.3811864,-6.9531234\/faros+del+rompido\/@37.3001357,-7.1950647,11z\/data=!3m1!4b1!4m9!4m8!1m1!4e1!1m5!1m1!1s0xd102d04e6052ff5:0xb14d801123f8fc86!2m2!1d-7.1268127!2d37.2185502\">\n\t\t\t\t\t\t<span class=\"elementor-button-content-wrapper\">\n\t\t\t\t\t\t\t\t\t<span class=\"elementor-button-text\">Comment arriver?<\/span>\n\t\t\t\t\t<\/span>\n\t\t\t\t\t<\/a>\n\t\t\t\t\t\t\t\t<\/div>\n\t\t\t\t<\/div>\n\t\t\t\t<\/div>\n\t\t<div class=\"elementor-element elementor-element-dc72c40 e-con-full e-flex elementor-invisible e-con e-child\" data-id=\"dc72c40\" data-element_type=\"container\" data-e-type=\"container\" data-settings=\"{&quot;animation&quot;:&quot;fadeInUp&quot;}\">\n\t\t\t\t<div class=\"elementor-element elementor-element-f8b7e4a elementor-widget__width-initial elementor-widget-mobile__width-initial elementor-widget elementor-widget-image\" data-id=\"f8b7e4a\" data-element_type=\"widget\" data-e-type=\"widget\" data-widget_type=\"image.default\">\n\t\t\t\t\t\t\t\t\t\t\t\t\t\t\t<img loading=\"lazy\" decoding=\"async\" width=\"346\" height=\"346\" src=\"https:\/\/turismocartaya.com\/wp-content\/uploads\/2024\/05\/PaseoMaritimo.webp\" class=\"elementor-animation-grow attachment-large size-large wp-image-606\" alt=\"Paseomaritimo\" srcset=\"https:\/\/turismocartaya.com\/wp-content\/uploads\/2024\/05\/PaseoMaritimo.webp 346w, https:\/\/turismocartaya.com\/wp-content\/uploads\/2024\/05\/PaseoMaritimo-300x300.webp 300w, https:\/\/turismocartaya.com\/wp-content\/uploads\/2024\/05\/PaseoMaritimo-150x150.webp 150w\" sizes=\"(max-width: 346px) 100vw, 346px\" \/>\t\t\t\t\t\t\t\t\t\t\t\t\t\t\t<\/div>\n\t\t<div class=\"elementor-element elementor-element-acc3c11 e-con-full e-flex e-con e-child\" data-id=\"acc3c11\" data-element_type=\"container\" data-e-type=\"container\" data-settings=\"{&quot;background_background&quot;:&quot;classic&quot;}\">\n\t\t\t\t<div class=\"elementor-element elementor-element-a37287e elementor-widget__width-inherit elementor-widget elementor-widget-heading\" data-id=\"a37287e\" data-element_type=\"widget\" data-e-type=\"widget\" data-widget_type=\"heading.default\">\n\t\t\t\t\t<h2 class=\"elementor-heading-title elementor-size-default\">Passage maritime<\/h2>\t\t\t\t<\/div>\n\t\t\t\t<\/div>\n\t\t<div class=\"elementor-element elementor-element-ea8d69c e-con-full e-flex e-con e-child\" data-id=\"ea8d69c\" data-element_type=\"container\" data-e-type=\"container\" data-settings=\"{&quot;background_background&quot;:&quot;classic&quot;}\">\n\t\t\t\t<div class=\"elementor-element elementor-element-c4dabf1 elementor-widget elementor-widget-n-accordion\" data-id=\"c4dabf1\" data-element_type=\"widget\" data-e-type=\"widget\" data-settings=\"{&quot;default_state&quot;:&quot;all_collapsed&quot;,&quot;max_items_expended&quot;:&quot;one&quot;,&quot;n_accordion_animation_duration&quot;:{&quot;unit&quot;:&quot;ms&quot;,&quot;size&quot;:400,&quot;sizes&quot;:[]}}\" data-widget_type=\"nested-accordion.default\">\n\t\t\t\t\t\t\t<div class=\"e-n-accordion\" aria-label=\"Accord\u00e9on. Ouvrez les liens avec Entr\u00e9e ou Espace, fermez avec \u00c9chap et naviguez avec les touches fl\u00e9ch\u00e9es\">\n\t\t\t\t\t\t<details id=\"e-n-accordion-item-2060\" class=\"e-n-accordion-item\" >\n\t\t\t\t<summary class=\"e-n-accordion-item-title\" data-accordion-index=\"1\" tabindex=\"0\" aria-expanded=\"false\" aria-controls=\"e-n-accordion-item-2060\" >\n\t\t\t\t\t<span class='e-n-accordion-item-title-header'><div class=\"e-n-accordion-item-title-text\"> + informations <\/div><\/span>\n\t\t\t\t\t\t\t\t\t<\/summary>\n\t\t\t\t<div role=\"region\" aria-labelledby=\"e-n-accordion-item-2060\" class=\"elementor-element elementor-element-f9a1b9a e-con-full e-flex e-con e-child\" data-id=\"f9a1b9a\" data-element_type=\"container\" data-e-type=\"container\">\n\t\t\t\t<div class=\"elementor-element elementor-element-bbd1ef0 elementor-widget elementor-widget-text-editor\" data-id=\"bbd1ef0\" data-element_type=\"widget\" data-e-type=\"widget\" data-widget_type=\"text-editor.default\">\n\t\t\t\t\t\t\t\t\t<p>La promenade El Rompido offre un d\u00e9lice visuel avec ses eaux sereines et la silhouette historique de l&#039;Almadraba sur l&#039;autre rive de la rivi\u00e8re Piedras. De plus, il se pr\u00e9sente comme un espace d\u00e9di\u00e9 au plaisir familial avec une aire de jeux pour les plus petits.<\/p>\t\t\t\t\t\t\t\t<\/div>\n\t\t\t\t<\/div>\n\t\t\t\t\t<\/details>\n\t\t\t\t\t<\/div>\n\t\t\t\t\t\t<\/div>\n\t\t\t\t<div class=\"elementor-element elementor-element-4946681 elementor-align-justify elementor-widget elementor-widget-button\" data-id=\"4946681\" data-element_type=\"widget\" data-e-type=\"widget\" data-widget_type=\"button.default\">\n\t\t\t\t\t\t\t\t\t\t<a class=\"elementor-button elementor-button-link elementor-size-sm\" href=\"https:\/\/www.google.com\/maps\/dir\/\/P.%C2%BA+Maritimo,+21459+El+Rompido,+Huelva\/@37.2175071,-7.1203911,17z\/data=!4m18!1m8!3m7!1s0xd102d1bf00afe9f:0x684d300fec1b5ce0!2sP.%C2%BA+Maritimo,+21459+El+Rompido,+Huelva!3b1!8m2!3d37.2175071!4d-7.1203911!16s%2Fg%2F12llx9l_z!4m8!1m0!1m5!1m1!1s0xd102d1bf00afe9f:0x684d300fec1b5ce0!2m2!1d-7.1203911!2d37.2175071!3e2?entry=ttu\">\n\t\t\t\t\t\t<span class=\"elementor-button-content-wrapper\">\n\t\t\t\t\t\t\t\t\t<span class=\"elementor-button-text\">Comment arriver?<\/span>\n\t\t\t\t\t<\/span>\n\t\t\t\t\t<\/a>\n\t\t\t\t\t\t\t\t<\/div>\n\t\t\t\t<\/div>\n\t\t\t\t<\/div>\n\t\t<div class=\"elementor-element elementor-element-4cd14b7 e-con-full e-flex elementor-invisible e-con e-child\" data-id=\"4cd14b7\" data-element_type=\"container\" data-e-type=\"container\" data-settings=\"{&quot;animation&quot;:&quot;fadeInUp&quot;}\">\n\t\t\t\t<div class=\"elementor-element elementor-element-6dc68ed elementor-widget__width-initial elementor-widget-mobile__width-initial elementor-widget elementor-widget-image\" data-id=\"6dc68ed\" data-element_type=\"widget\" data-e-type=\"widget\" data-widget_type=\"image.default\">\n\t\t\t\t\t\t\t\t\t\t\t\t\t\t\t<img loading=\"lazy\" decoding=\"async\" width=\"346\" height=\"346\" src=\"https:\/\/turismocartaya.com\/wp-content\/uploads\/2024\/05\/ErmitaConsolacion.webp\" class=\"elementor-animation-grow attachment-large size-large wp-image-609\" alt=\"Ermitaconsolacion\" srcset=\"https:\/\/turismocartaya.com\/wp-content\/uploads\/2024\/05\/ErmitaConsolacion.webp 346w, https:\/\/turismocartaya.com\/wp-content\/uploads\/2024\/05\/ErmitaConsolacion-300x300.webp 300w, https:\/\/turismocartaya.com\/wp-content\/uploads\/2024\/05\/ErmitaConsolacion-150x150.webp 150w\" sizes=\"(max-width: 346px) 100vw, 346px\" \/>\t\t\t\t\t\t\t\t\t\t\t\t\t\t\t<\/div>\n\t\t<div class=\"elementor-element elementor-element-ea98119 e-con-full e-flex e-con e-child\" data-id=\"ea98119\" data-element_type=\"container\" data-e-type=\"container\" data-settings=\"{&quot;background_background&quot;:&quot;classic&quot;}\">\n\t\t\t\t<div class=\"elementor-element elementor-element-5d2401b elementor-widget__width-inherit elementor-widget elementor-widget-heading\" data-id=\"5d2401b\" data-element_type=\"widget\" data-e-type=\"widget\" data-widget_type=\"heading.default\">\n\t\t\t\t\t<h2 class=\"elementor-heading-title elementor-size-default\">Ch\u00e2teau de San Miguel Arca de Buey<\/h2>\t\t\t\t<\/div>\n\t\t\t\t<\/div>\n\t\t<div class=\"elementor-element elementor-element-effd68b e-con-full e-flex e-con e-child\" data-id=\"effd68b\" data-element_type=\"container\" data-e-type=\"container\" data-settings=\"{&quot;background_background&quot;:&quot;classic&quot;}\">\n\t\t\t\t<div class=\"elementor-element elementor-element-6c0a77b elementor-widget elementor-widget-n-accordion\" data-id=\"6c0a77b\" data-element_type=\"widget\" data-e-type=\"widget\" data-settings=\"{&quot;default_state&quot;:&quot;all_collapsed&quot;,&quot;max_items_expended&quot;:&quot;one&quot;,&quot;n_accordion_animation_duration&quot;:{&quot;unit&quot;:&quot;ms&quot;,&quot;size&quot;:400,&quot;sizes&quot;:[]}}\" data-widget_type=\"nested-accordion.default\">\n\t\t\t\t\t\t\t<div class=\"e-n-accordion\" aria-label=\"Accord\u00e9on. Ouvrez les liens avec Entr\u00e9e ou Espace, fermez avec \u00c9chap et naviguez avec les touches fl\u00e9ch\u00e9es\">\n\t\t\t\t\t\t<details id=\"e-n-accordion-item-1130\" class=\"e-n-accordion-item\" >\n\t\t\t\t<summary class=\"e-n-accordion-item-title\" data-accordion-index=\"1\" tabindex=\"0\" aria-expanded=\"false\" aria-controls=\"e-n-accordion-item-1130\" >\n\t\t\t\t\t<span class='e-n-accordion-item-title-header'><div class=\"e-n-accordion-item-title-text\"> + informations <\/div><\/span>\n\t\t\t\t\t\t\t\t\t<\/summary>\n\t\t\t\t<div role=\"region\" aria-labelledby=\"e-n-accordion-item-1130\" class=\"elementor-element elementor-element-65948fc e-con-full e-flex e-con e-child\" data-id=\"65948fc\" data-element_type=\"container\" data-e-type=\"container\">\n\t\t\t\t<div class=\"elementor-element elementor-element-2e58524 elementor-widget elementor-widget-text-editor\" data-id=\"2e58524\" data-element_type=\"widget\" data-e-type=\"widget\" data-widget_type=\"text-editor.default\">\n\t\t\t\t\t\t\t\t\t<p>Il a \u00e9t\u00e9 construit pour d\u00e9fendre le passage de la rivi\u00e8re Piedras et comme d\u00e9fense des habitants du village. Elle a \u00e9t\u00e9 enti\u00e8rement d\u00e9truite au XVIe si\u00e8cle et les murs qui subsistent ont \u00e9t\u00e9 d\u00e9clar\u00e9s Bien d&#039;Int\u00e9r\u00eat Culturel. Actuellement, les vestiges du ch\u00e2teau, ainsi que d&#039;autres vestiges arch\u00e9ologiques importants, font partie du complexe h\u00f4telier Fuerte de El Rompido.<\/p>\t\t\t\t\t\t\t\t<\/div>\n\t\t\t\t<\/div>\n\t\t\t\t\t<\/details>\n\t\t\t\t\t<\/div>\n\t\t\t\t\t\t<\/div>\n\t\t\t\t<div class=\"elementor-element elementor-element-68a3164 elementor-align-justify elementor-widget elementor-widget-button\" data-id=\"68a3164\" data-element_type=\"widget\" data-e-type=\"widget\" data-widget_type=\"button.default\">\n\t\t\t\t\t\t\t\t\t\t<a class=\"elementor-button elementor-button-link elementor-size-sm\" href=\"https:\/\/www.google.com\/maps\/dir\/37.3762472,-6.9634299\/El+Rompido,+21459,+Huelva\/@37.2208327,-7.1274072,215m\/data=!3m1!1e3!4m10!4m9!1m1!4e1!1m5!1m1!1s0xd102d056ee4cc19:0x42674fc247f373f9!2m2!1d-7.1270167!2d37.2210708!3e0\">\n\t\t\t\t\t\t<span class=\"elementor-button-content-wrapper\">\n\t\t\t\t\t\t\t\t\t<span class=\"elementor-button-text\">Comment arriver?<\/span>\n\t\t\t\t\t<\/span>\n\t\t\t\t\t<\/a>\n\t\t\t\t\t\t\t\t<\/div>\n\t\t\t\t<\/div>\n\t\t\t\t<\/div>\n\t\t\t\t<\/div>\n\t\t<div class=\"elementor-element elementor-element-d88b003 e-flex e-con-boxed elementor-invisible e-con e-parent\" data-id=\"d88b003\" data-element_type=\"container\" data-e-type=\"container\" data-settings=\"{&quot;animation&quot;:&quot;fadeIn&quot;,&quot;animation_mobile&quot;:&quot;fadeInUp&quot;}\">\n\t\t\t\t\t<div class=\"e-con-inner\">\n\t\t\t\t<div class=\"elementor-element elementor-element-b13c648 elementor-widget elementor-widget-heading\" data-id=\"b13c648\" data-element_type=\"widget\" data-e-type=\"widget\" data-widget_type=\"heading.default\">\n\t\t\t\t\t<h2 class=\"elementor-heading-title elementor-size-default\">PATRIMOINE<\/h2>\t\t\t\t<\/div>\n\t\t\t\t<div class=\"elementor-element elementor-element-f4b1793 elementor-widget elementor-widget-heading\" data-id=\"f4b1793\" data-element_type=\"widget\" data-e-type=\"widget\" data-widget_type=\"heading.default\">\n\t\t\t\t\t<h2 class=\"elementor-heading-title elementor-size-default\">Naturel<\/h2>\t\t\t\t<\/div>\n\t\t\t\t<div class=\"elementor-element elementor-element-64c7904 elementor-widget elementor-widget-text-editor\" data-id=\"64c7904\" data-element_type=\"widget\" data-e-type=\"widget\" data-widget_type=\"text-editor.default\">\n\t\t\t\t\t\t\t\t\t<p class=\"font_8 wixui-rich-text__text\"><span class=\"color_15 wixui-rich-text__text\"><span class=\"wixui-rich-text__text\">Une surface<strong>\u00a0D&#039;une superficie de 12 000 hectares, la pin\u00e8de de Cartaya est subdivis\u00e9e en deux environnements bien diff\u00e9renci\u00e9s : Campo Com\u00fan de Arriba et Campo Com\u00fan de Abajo ;<\/strong>\u00a0Tous deux ont une grande valeur \u00e9cologique et paysag\u00e8re. Ici vous pouvez voir un grand\u00a0<strong>vari\u00e9t\u00e9 d&#039;esp\u00e8ces v\u00e9g\u00e9tales de la for\u00eat m\u00e9diterran\u00e9enne et d&#039;esp\u00e8ces animales,<\/strong> notamment en ce qui concerne les oiseaux et les petits vert\u00e9br\u00e9s. Dans cet environnement, vous pouvez trouver\u00a0<strong>des sentiers, des aires de pique-nique et des aires r\u00e9cr\u00e9atives permettent aux visiteurs de profiter de cet environnement naturel exceptionnel.<\/strong><\/span><\/span><\/p><p class=\"font_8 wixui-rich-text__text\"><span class=\"color_15 wixui-rich-text__text\"><span class=\"wixui-rich-text__text\">La municipalit\u00e9 de Cartaya c<strong>Il a 14 km. de plages de sable fin et d&#039;eaux calmes entour\u00e9es de belles for\u00eats de pins, converties depuis des d\u00e9cennies en l&#039;une des destinations les plus recherch\u00e9es de la c\u00f4te de Huelva.<\/strong>. Parmi les ressources touristiques dont elle dispose,\u00a0<strong>complexes touristiques luxueux avec trois terrains de golf, dont un \u00e9cologique, une large gamme d&#039;activit\u00e9s sportives nautiques dans les villes d&#039;El Rompido et Nuevo Portil,<\/strong>\u00a0et un climat privil\u00e9gi\u00e9 d&#039;ensoleillement toute l&#039;ann\u00e9e avec\u00a0<strong>3 000 heures de soleil par an et une temp\u00e9rature moyenne annuelle de 25\u00baC.<\/strong>\u00a0De plus, le visiteur pourra profiter de vues sur un environnement unique gr\u00e2ce aux belv\u00e9d\u00e8res situ\u00e9s le long du littoral.<\/span><\/span><\/p>\t\t\t\t\t\t\t\t<\/div>\n\t\t\t\t<div class=\"elementor-element elementor-element-5fe0c39 elementor-widget elementor-widget-image\" data-id=\"5fe0c39\" data-element_type=\"widget\" data-e-type=\"widget\" data-widget_type=\"image.default\">\n\t\t\t\t\t\t\t\t\t\t\t\t\t\t\t<img loading=\"lazy\" decoding=\"async\" width=\"700\" height=\"700\" src=\"https:\/\/turismocartaya.com\/wp-content\/uploads\/2024\/05\/NuevoPortilPlaya.webp\" class=\"attachment-full size-full wp-image-601\" alt=\"Nuevoportilplaya\" srcset=\"https:\/\/turismocartaya.com\/wp-content\/uploads\/2024\/05\/NuevoPortilPlaya.webp 700w, https:\/\/turismocartaya.com\/wp-content\/uploads\/2024\/05\/NuevoPortilPlaya-300x300.webp 300w, https:\/\/turismocartaya.com\/wp-content\/uploads\/2024\/05\/NuevoPortilPlaya-150x150.webp 150w, https:\/\/turismocartaya.com\/wp-content\/uploads\/2024\/05\/NuevoPortilPlaya-500x500.webp 500w\" sizes=\"(max-width: 700px) 100vw, 700px\" \/>\t\t\t\t\t\t\t\t\t\t\t\t\t\t\t<\/div>\n\t\t\t\t<div class=\"elementor-element elementor-element-62a3b0a elementor-widget elementor-widget-text-editor\" data-id=\"62a3b0a\" data-element_type=\"widget\" data-e-type=\"widget\" data-widget_type=\"text-editor.default\">\n\t\t\t\t\t\t\t\t\t<p>Entre le <strong>ressources touristiques naturelles<\/strong> Ce que poss\u00e8de cette commune, c&#039;est : <strong>l&#039;espace naturel des Marismas del R\u00edo Piedras et Flecha del Rompido ; l&#039;oc\u00e9an, depuis El Rompido jusqu&#039;\u00e0 Nuevo Portil, le territoire municipal s&#039;ouvre sur la R\u00eda de El Piedras ; les plages de Nuevo Portil et de San Miguel, entour\u00e9es de pins et de gen\u00e9vriers.<\/strong><\/p><p>La <strong>Flecha del Rompido est une formation sableuse unique, parall\u00e8le \u00e0 la c\u00f4te, qui s&#039;\u00e9tend \u00e0 l&#039;embouchure de la rivi\u00e8re Piedras et s&#039;ouvre sur l&#039;oc\u00e9an Atlantique \u00e0 partir d&#039;une plage vierge accessible gr\u00e2ce aux services de passage de bateaux situ\u00e9s sur les plages fluviales. .<\/strong> Quant \u00e0 la v\u00e9g\u00e9tation, le milieu est principalement compos\u00e9 de pins d&#039;Am\u00e9rique, de gen\u00eats ou de pins parasols, de plus, il abrite des esp\u00e8ces int\u00e9ressantes comme le cam\u00e9l\u00e9on.<\/p>\t\t\t\t\t\t\t\t<\/div>\n\t\t\t\t<div class=\"elementor-element elementor-element-05b357d elementor-widget elementor-widget-image\" data-id=\"05b357d\" data-element_type=\"widget\" data-e-type=\"widget\" data-widget_type=\"image.default\">\n\t\t\t\t\t\t\t\t\t\t\t\t\t\t\t<img loading=\"lazy\" decoding=\"async\" width=\"700\" height=\"700\" src=\"https:\/\/turismocartaya.com\/wp-content\/uploads\/2024\/05\/Camaleon.webp\" class=\"attachment-full size-full wp-image-602\" alt=\"Camaleon\" srcset=\"https:\/\/turismocartaya.com\/wp-content\/uploads\/2024\/05\/Camaleon.webp 700w, https:\/\/turismocartaya.com\/wp-content\/uploads\/2024\/05\/Camaleon-300x300.webp 300w, https:\/\/turismocartaya.com\/wp-content\/uploads\/2024\/05\/Camaleon-150x150.webp 150w, https:\/\/turismocartaya.com\/wp-content\/uploads\/2024\/05\/Camaleon-500x500.webp 500w\" sizes=\"(max-width: 700px) 100vw, 700px\" \/>\t\t\t\t\t\t\t\t\t\t\t\t\t\t\t<\/div>\n\t\t\t\t\t<\/div>\n\t\t\t\t<\/div>\n\t\t<div class=\"elementor-element elementor-element-d800044 e-flex e-con-boxed e-con e-parent\" data-id=\"d800044\" data-element_type=\"container\" data-e-type=\"container\">\n\t\t\t\t\t<div class=\"e-con-inner\">\n\t\t\t\t<div class=\"elementor-element elementor-element-834a07e elementor-widget elementor-widget-heading\" data-id=\"834a07e\" data-element_type=\"widget\" data-e-type=\"widget\" data-widget_type=\"heading.default\">\n\t\t\t\t\t<h2 class=\"elementor-heading-title elementor-size-default\">F\u00caTES<\/h2>\t\t\t\t<\/div>\n\t\t\t\t<div class=\"elementor-element elementor-element-f9588bc elementor-widget elementor-widget-heading\" data-id=\"f9588bc\" data-element_type=\"widget\" data-e-type=\"widget\" data-widget_type=\"heading.default\">\n\t\t\t\t\t<h2 class=\"elementor-heading-title elementor-size-default\">et traditions<\/h2>\t\t\t\t<\/div>\n\t\t\t\t<div class=\"elementor-element elementor-element-0ed17cb elementor-widget elementor-widget-text-editor\" data-id=\"0ed17cb\" data-element_type=\"widget\" data-e-type=\"widget\" data-widget_type=\"text-editor.default\">\n\t\t\t\t\t\t\t\t\t<p class=\"font_8 wixui-rich-text__text\"><span class=\"wixui-rich-text__text\"><span class=\"color_15 wixui-rich-text__text\">L&#039;arriv\u00e9e de la nouvelle ann\u00e9e commence avec le\u00a0<strong>f\u00eate patronale de Cartaya, Saint-S\u00e9bastien.<\/strong> Au mois de janvier, le saint parcourt les rues du centre de Cartaya jusqu&#039;\u00e0 atteindre la rue San Sebasti\u00e1n, o\u00f9 l&#039;on d\u00e9core les portes et les balcons pour le recevoir.<\/span><\/span><\/p><p class=\"font_8 wixui-rich-text__text\"><span class=\"wixui-rich-text__text\"><span class=\"color_15 wixui-rich-text__text\">L&#039;un des \u00e9v\u00e9nements les plus importants est le <strong>Foire aux chevaux et ses accessoires,<\/strong> organis\u00e9 en mars. Il rassemble des entreprises du monde du cheval li\u00e9es \u00e0 la mode flamenco et aux \u00e9levages.<\/span><\/span><\/p><p class=\"font_8 wixui-rich-text__text\"><span class=\"wixui-rich-text__text\"><span class=\"color_15 wixui-rich-text__text\">Avec l&#039;arriv\u00e9e du printemps, au mois de mai, le <strong>P\u00e8lerinage en l&#039;honneur de San Isidro Labrador<\/strong>, qui commence par la proclamation et la recherche du saint \u00e0 l&#039;ermitage. Apr\u00e8s cette recherche, le saint reste dans l&#039;\u00e9glise paroissiale de San Pedro et diff\u00e9rents offices ont lieu jusqu&#039;au jeudi o\u00f9 la traditionnelle offrande florale est c\u00e9l\u00e9br\u00e9e sur la Plaza Redonda. Le vendredi apr\u00e8s-midi, ils font un p\u00e8lerinage au pr\u00e9 o\u00f9 ils vivent ensemble ce week-end.<\/span><\/span><\/p><p class=\"font_8 wixui-rich-text__text\"><span class=\"wixui-rich-text__text\"><span class=\"color_15 wixui-rich-text__text\">L&#039;\u00e9t\u00e9, il est tr\u00e8s attendu<strong> la f\u00eate traditionnelle en l&#039;honneur de la Vierge des Marins, la Virgen del Carmen,<\/strong>\u00a0a eu lieu le dernier week-end de juillet \u00e0 El Rompido. Au cours de celle-ci, des activit\u00e9s sportives et des spectacles musicaux sont organis\u00e9s, le moment le plus attendu \u00e9tant la procession maritime de la Virgen del Carmen, c\u00e9l\u00e9br\u00e9e dimanche, le long de la rivi\u00e8re Piedras.<\/span><\/span><\/p>\t\t\t\t\t\t\t\t<\/div>\n\t\t\t\t<div class=\"elementor-element elementor-element-5e7d484 elementor-widget elementor-widget-image\" data-id=\"5e7d484\" data-element_type=\"widget\" data-e-type=\"widget\" data-widget_type=\"image.default\">\n\t\t\t\t\t\t\t\t\t\t\t\t\t\t\t<img loading=\"lazy\" decoding=\"async\" width=\"700\" height=\"700\" src=\"https:\/\/turismocartaya.com\/wp-content\/uploads\/2024\/05\/Virgen-del-Carmen.webp\" class=\"attachment-full size-full wp-image-604\" alt=\"Virgen Del Carmen\" srcset=\"https:\/\/turismocartaya.com\/wp-content\/uploads\/2024\/05\/Virgen-del-Carmen.webp 700w, https:\/\/turismocartaya.com\/wp-content\/uploads\/2024\/05\/Virgen-del-Carmen-300x300.webp 300w, https:\/\/turismocartaya.com\/wp-content\/uploads\/2024\/05\/Virgen-del-Carmen-150x150.webp 150w, https:\/\/turismocartaya.com\/wp-content\/uploads\/2024\/05\/Virgen-del-Carmen-500x500.webp 500w\" sizes=\"(max-width: 700px) 100vw, 700px\" \/>\t\t\t\t\t\t\t\t\t\t\t\t\t\t\t<\/div>\n\t\t\t\t<div class=\"elementor-element elementor-element-f7bbcf8 elementor-widget elementor-widget-text-editor\" data-id=\"f7bbcf8\" data-element_type=\"widget\" data-e-type=\"widget\" data-widget_type=\"text-editor.default\">\n\t\t\t\t\t\t\t\t\t<p class=\"font_8 wixui-rich-text__text\"><span class=\"wixui-rich-text__text\"><span class=\"color_15 wixui-rich-text__text\">A la fin de l&#039;\u00e9t\u00e9, en ao\u00fbt et septembre, Cartaya a lieu la<strong> Procession de Notre-Dame de Consolation\u00a0<\/strong>de son ermitage \u00e0 l&#039;\u00e9glise paroissiale de San Pedro. Pendant deux semaines, des offices sont c\u00e9l\u00e9br\u00e9s en l&#039;honneur de la Vierge de la Consolation. Le grand jour de cette f\u00eate a lieu en septembre, dans la \u00ab subida \u00bb, o\u00f9 se d\u00e9roule la procession de retour \u00e0 l&#039;ermitage.<\/span><\/span><\/p><p class=\"font_8 wixui-rich-text__text\"><span class=\"wixui-rich-text__text\"><span class=\"color_15 wixui-rich-text__text\"><strong>La f\u00eate patronale par excellence est la Foire et les F\u00eates d&#039;Octobre en l&#039;honneur de Notre-Dame du Rosaire, patronne de Cartaya.<\/strong>. Ils cohabitent dans le parc des expositions et c\u00e9l\u00e8brent la Foire d&#039;Octobre dans le Pavillon des Expositions avec un \u00e9chantillon repr\u00e9sentatif d&#039;entreprises locales et ext\u00e9rieures, ainsi que le Salon Automobile et Nautique. La f\u00eate culmine avec la procession de Notre-Dame de Rosario dans les rues centrales de la commune.<\/span><\/span><\/p>\t\t\t\t\t\t\t\t<\/div>\n\t\t\t\t<div class=\"elementor-element elementor-element-e509752 elementor-widget elementor-widget-image\" data-id=\"e509752\" data-element_type=\"widget\" data-e-type=\"widget\" data-widget_type=\"image.default\">\n\t\t\t\t\t\t\t\t\t\t\t\t\t\t\t<img loading=\"lazy\" decoding=\"async\" width=\"700\" height=\"700\" src=\"https:\/\/turismocartaya.com\/wp-content\/uploads\/2024\/05\/Virgen.webp\" class=\"attachment-full size-full wp-image-603\" alt=\"Virgen\" srcset=\"https:\/\/turismocartaya.com\/wp-content\/uploads\/2024\/05\/Virgen.webp 700w, https:\/\/turismocartaya.com\/wp-content\/uploads\/2024\/05\/Virgen-300x300.webp 300w, https:\/\/turismocartaya.com\/wp-content\/uploads\/2024\/05\/Virgen-150x150.webp 150w, https:\/\/turismocartaya.com\/wp-content\/uploads\/2024\/05\/Virgen-500x500.webp 500w\" sizes=\"(max-width: 700px) 100vw, 700px\" \/>\t\t\t\t\t\t\t\t\t\t\t\t\t\t\t<\/div>\n\t\t\t\t\t<\/div>\n\t\t\t\t<\/div>\n\t\t\t\t<\/div>","protected":false},"excerpt":{"rendered":"<p>HISTORIA Cartaya Naturaleza y playa se dan la mano en este territorio\u00a0objeto de disputas se\u00f1oriales en siglos pasados que ha sabido conservar sus tradiciones y el legado marinero de sus antepasados, pero sin renunciar al desarrollo tur\u00edstico de sus importantes recursos.\u00a0Parajes protegidos, faros decimon\u00f3nicos, campos de golf y playas junto a urbanizaciones residenciales conforman este [&hellip;]<\/p>\n","protected":false},"author":1,"featured_media":0,"parent":0,"menu_order":0,"comment_status":"closed","ping_status":"closed","template":"elementor_header_footer","meta":{"slim_seo":{"title":"Que voir\u00a0? | Tourisme \u00e0 Cartaya","description":"Des espaces prot\u00e9g\u00e9s, des phares du XIXe si\u00e8cle, des terrains de golf et des plages ainsi que des lotissements r\u00e9sidentiels composent ce coin personnel du littoral de Huelva."},"footnotes":""},"class_list":["post-41","page","type-page","status-publish","hentry"],"_links":{"self":[{"href":"https:\/\/turismocartaya.com\/fr\/wp-json\/wp\/v2\/pages\/41","targetHints":{"allow":["GET"]}}],"collection":[{"href":"https:\/\/turismocartaya.com\/fr\/wp-json\/wp\/v2\/pages"}],"about":[{"href":"https:\/\/turismocartaya.com\/fr\/wp-json\/wp\/v2\/types\/page"}],"author":[{"embeddable":true,"href":"https:\/\/turismocartaya.com\/fr\/wp-json\/wp\/v2\/users\/1"}],"replies":[{"embeddable":true,"href":"https:\/\/turismocartaya.com\/fr\/wp-json\/wp\/v2\/comments?post=41"}],"version-history":[{"count":0,"href":"https:\/\/turismocartaya.com\/fr\/wp-json\/wp\/v2\/pages\/41\/revisions"}],"wp:attachment":[{"href":"https:\/\/turismocartaya.com\/fr\/wp-json\/wp\/v2\/media?parent=41"}],"curies":[{"name":"wp","href":"https:\/\/api.w.org\/{rel}","templated":true}]}}